{"id":506,"date":"2024-04-08T11:46:53","date_gmt":"2024-04-08T09:46:53","guid":{"rendered":"https:\/\/simonegianini.ch\/?page_id=506"},"modified":"2024-04-17T21:26:29","modified_gmt":"2024-04-17T19:26:29","slug":"comunali-2021","status":"publish","type":"page","link":"https:\/\/simonegianini.ch\/?page_id=506","title":{"rendered":"Comunali 2021"},"content":{"rendered":"\t\t<div data-elementor-type=\"wp-page\" data-elementor-id=\"506\" class=\"elementor elementor-506\">\n\t\t\t\t\t\t<section class=\"elementor-section elementor-top-section elementor-element elementor-element-a459b8a elementor-section-boxed elementor-section-height-default elementor-section-height-default\" data-id=\"a459b8a\" data-element_type=\"section\" data-e-type=\"section\" data-settings=\"{&quot;background_background&quot;:&quot;classic&quot;}\">\n\t\t\t\t\t\t\t<div class=\"elementor-background-overlay\"><\/div>\n\t\t\t\t\t\t\t<div class=\"elementor-container elementor-column-gap-default\">\n\t\t\t\t\t<div class=\"elementor-column elementor-col-100 elementor-top-column elementor-element elementor-element-98751d5\" data-id=\"98751d5\" data-element_type=\"column\" data-e-type=\"column\">\n\t\t\t<div class=\"elementor-widget-wrap elementor-element-populated\">\n\t\t\t\t\t\t<div class=\"elementor-element elementor-element-081a3e6 elementor-invisible elementor-widget elementor-widget-heading\" data-id=\"081a3e6\" data-element_type=\"widget\" data-e-type=\"widget\" data-settings=\"{&quot;_animation&quot;:&quot;fadeInUp&quot;,&quot;_animation_delay&quot;:70}\" data-widget_type=\"heading.default\">\n\t\t\t\t<div class=\"elementor-widget-container\">\n\t\t\t\t\t<h2 class=\"elementor-heading-title elementor-size-default\">Elezioni comunali del 18 aprile 2021<\/h2>\t\t\t\t<\/div>\n\t\t\t\t<\/div>\n\t\t\t\t\t<\/div>\n\t\t<\/div>\n\t\t\t\t\t<\/div>\n\t\t<\/section>\n\t\t\t\t<section class=\"elementor-section elementor-top-section elementor-element elementor-element-1fee30fc elementor-section-boxed elementor-section-height-default elementor-section-height-default\" data-id=\"1fee30fc\" data-element_type=\"section\" data-e-type=\"section\" data-settings=\"{&quot;background_background&quot;:&quot;classic&quot;}\">\n\t\t\t\t\t\t<div class=\"elementor-container elementor-column-gap-default\">\n\t\t\t\t\t<div class=\"elementor-column elementor-col-100 elementor-top-column elementor-element elementor-element-4093fcf8\" data-id=\"4093fcf8\" data-element_type=\"column\" data-e-type=\"column\">\n\t\t\t<div class=\"elementor-widget-wrap elementor-element-populated\">\n\t\t\t\t\t\t<div class=\"elementor-element elementor-element-1c03101e elementor-widget elementor-widget-image\" data-id=\"1c03101e\" data-element_type=\"widget\" data-e-type=\"widget\" data-widget_type=\"image.default\">\n\t\t\t\t<div class=\"elementor-widget-container\">\n\t\t\t\t\t\t\t\t\t\t\t\t\t\t\t<img fetchpriority=\"high\" decoding=\"async\" width=\"1200\" height=\"572\" src=\"https:\/\/simonegianini.ch\/wp-content\/uploads\/2024\/04\/1.png\" class=\"attachment-full size-full wp-image-455\" alt=\"\" srcset=\"https:\/\/simonegianini.ch\/wp-content\/uploads\/2024\/04\/1.png 1200w, https:\/\/simonegianini.ch\/wp-content\/uploads\/2024\/04\/1-300x143.png 300w, https:\/\/simonegianini.ch\/wp-content\/uploads\/2024\/04\/1-1024x488.png 1024w, https:\/\/simonegianini.ch\/wp-content\/uploads\/2024\/04\/1-768x366.png 768w\" sizes=\"(max-width: 1200px) 100vw, 1200px\" \/>\t\t\t\t\t\t\t\t\t\t\t\t\t\t\t<\/div>\n\t\t\t\t<\/div>\n\t\t\t\t<div class=\"elementor-element elementor-element-e9a3bbf elementor-widget elementor-widget-heading\" data-id=\"e9a3bbf\" data-element_type=\"widget\" data-e-type=\"widget\" data-widget_type=\"heading.default\">\n\t\t\t\t<div class=\"elementor-widget-container\">\n\t\t\t\t\t<h4 class=\"elementor-heading-title elementor-size-default\">Le mie priorit\u00e0 per il Comune di Bellinzona\n\n<\/h4>\t\t\t\t<\/div>\n\t\t\t\t<\/div>\n\t\t\t\t<div class=\"elementor-element elementor-element-8c918f9 elementor-widget elementor-widget-text-editor\" data-id=\"8c918f9\" data-element_type=\"widget\" data-e-type=\"widget\" data-widget_type=\"text-editor.default\">\n\t\t\t\t<div class=\"elementor-widget-container\">\n\t\t\t\t\t\t\t\t\t<p>Negli ultimi anni sono state poste le basi per ridare al Bellinzonese il ruolo di agglomerato considerato, dinamico e propositivo, in vista delle grandi sfide con cui si deve confrontare, ora rese ancor pi\u00f9 difficili dalle conseguenze del COVID-19. Nelle ultime due legislature, dopo anni conflittuali, \u00e8 stata ristabilita la necessaria collaborazione con il Cantone e nella regione, ad immagine di quanto realizzato, ad esempio, per la mobilit\u00e0 pubblica e con la volont\u00e0 espressa dalla maggioranza dei cittadini di\u00a0<strong>Bellinzona<\/strong>,\u00a0<strong>Camorino<\/strong>,\u00a0<strong>Claro<\/strong>,\u00a0<strong>Giubiasco<\/strong>,\u00a0<strong>Gnosca<\/strong>,\u00a0<strong>Gorduno<\/strong>,\u00a0<strong>Gudo<\/strong>,\u00a0<strong>Moleno<\/strong>,\u00a0<strong>Monte Carasso<\/strong>,\u00a0<strong>Pianezzo<\/strong>,\u00a0<strong>Preonzo<\/strong>,\u00a0<strong>Sant\u2019Antonio<\/strong>\u00a0e\u00a0<strong>Sementina<\/strong>\u00a0di dare vita, oramai quattro anni fa, a alla\u00a0<a href=\"https:\/\/www.bellinzona.ch\/\">Nuova Citt\u00e0 di Bellinzona<\/a>.<\/p><p>Nuova Citt\u00e0 che ha mosso i primi passi durante la legislatura che sta volgendo al termine, caratterizzata dall\u2019<strong>organizzazione del nuovo Comune<\/strong>\u00a0e dall\u2019implementazione dei\u00a0<strong>servizi al cittadino<\/strong>, ma anche dalla definizione e dall\u2019avvio degli\u00a0<strong>investimenti\u00a0<\/strong>e dei\u00a0<strong>progetti strategici<\/strong>\u00a0per il futuro nostro, dei nostri figli e dei nostri nipoti.<\/p><p>Si tratta ora di\u00a0<strong>concludere la fase organizzativa<\/strong>, correggendo le criticit\u00e0 emerse e ritrovando la<strong>\u00a0stabilit\u00e0 finanziaria<\/strong>\u00a0una volta passata la pandemia, cos\u00ec come, parallelamente,\u00a0dare\u00a0<strong>slancio<\/strong>\u00a0al nuovo Comune, impegnandosi a\u00a0<strong>garantire le condizioni di base<\/strong>\u00a0e\u00a0<strong>far fiorire le eccellenze<\/strong>, grazie a cui la nostra regione ha tutte le carte in regola per potersi affermare a beneficio di tutta la popolazione e della sua\u00a0<strong>qualit\u00e0 di vita<\/strong>.<\/p>\t\t\t\t\t\t\t\t<\/div>\n\t\t\t\t<\/div>\n\t\t\t\t<div class=\"elementor-element elementor-element-2426412 elementor-widget elementor-widget-heading\" data-id=\"2426412\" data-element_type=\"widget\" data-e-type=\"widget\" data-widget_type=\"heading.default\">\n\t\t\t\t<div class=\"elementor-widget-container\">\n\t\t\t\t\t<h4 class=\"elementor-heading-title elementor-size-default\">Le condizioni quadro da garantire\n<\/h4>\t\t\t\t<\/div>\n\t\t\t\t<\/div>\n\t\t\t\t<div class=\"elementor-element elementor-element-f38d5d1 elementor-widget elementor-widget-text-editor\" data-id=\"f38d5d1\" data-element_type=\"widget\" data-e-type=\"widget\" data-widget_type=\"text-editor.default\">\n\t\t\t\t<div class=\"elementor-widget-container\">\n\t\t\t\t\t\t\t\t\t<p>\u00c8 impensabile&nbsp;aspirare a progredire se non vengono garantiti&nbsp;i bisogni di base dei cittadini e dei singoli quartieri, comprensivi di sicurezza pubblica e coesione sociale, adeguate infrastrutture di mobilit\u00e0 pubblica, privata e dei dati, uno sviluppo sostenibile del territorio e, in definitiva, quale fine ultimo, un\u2019alta qualit\u00e0 di vita.<\/p>\t\t\t\t\t\t\t\t<\/div>\n\t\t\t\t<\/div>\n\t\t\t\t<div class=\"elementor-element elementor-element-b5fc373 elementor-widget elementor-widget-toggle\" data-id=\"b5fc373\" data-element_type=\"widget\" data-e-type=\"widget\" data-widget_type=\"toggle.default\">\n\t\t\t\t<div class=\"elementor-widget-container\">\n\t\t\t\t\t\t\t<div class=\"elementor-toggle\">\n\t\t\t\t\t\t\t<div class=\"elementor-toggle-item\">\n\t\t\t\t\t<div id=\"elementor-tab-title-1901\" class=\"elementor-tab-title\" data-tab=\"1\" role=\"button\" aria-controls=\"elementor-tab-content-1901\" aria-expanded=\"false\">\n\t\t\t\t\t\t\t\t\t\t\t\t<span class=\"elementor-toggle-icon elementor-toggle-icon-left\" aria-hidden=\"true\">\n\t\t\t\t\t\t\t\t\t\t\t\t\t\t\t<span class=\"elementor-toggle-icon-closed\"><svg class=\"e-font-icon-svg e-fas-caret-right\" viewBox=\"0 0 192 512\" xmlns=\"http:\/\/www.w3.org\/2000\/svg\"><path d=\"M0 384.662V127.338c0-17.818 21.543-26.741 34.142-14.142l128.662 128.662c7.81 7.81 7.81 20.474 0 28.284L34.142 398.804C21.543 411.404 0 402.48 0 384.662z\"><\/path><\/svg><\/span>\n\t\t\t\t\t\t\t\t<span class=\"elementor-toggle-icon-opened\"><svg class=\"elementor-toggle-icon-opened e-font-icon-svg e-fas-caret-up\" viewBox=\"0 0 320 512\" xmlns=\"http:\/\/www.w3.org\/2000\/svg\"><path d=\"M288.662 352H31.338c-17.818 0-26.741-21.543-14.142-34.142l128.662-128.662c7.81-7.81 20.474-7.81 28.284 0l128.662 128.662c12.6 12.599 3.676 34.142-14.142 34.142z\"><\/path><\/svg><\/span>\n\t\t\t\t\t\t\t\t\t\t\t\t\t<\/span>\n\t\t\t\t\t\t\t\t\t\t\t\t<a class=\"elementor-toggle-title\" tabindex=\"0\">Un Comune che funzioni<\/a>\n\t\t\t\t\t<\/div>\n\n\t\t\t\t\t<div id=\"elementor-tab-content-1901\" class=\"elementor-tab-content elementor-clearfix\" data-tab=\"1\" role=\"region\" aria-labelledby=\"elementor-tab-title-1901\"><p>Nel corso della prima legislatura, dopo l\u2019aggregazione comunale del 2017, sono state poste le basi per il buon funzionamento del nuovo Comune e della sua amministrazione. Non ancora tutto funziona al meglio e, dopo nemmeno quattro anni di lavoro, \u00e8 normale che vi siano ancora margini di miglioramento. Anche nel corso della prossima legislatura sar\u00e0 quindi necessario \u2013 verificando e correggendo, secondo un sistema strutturato di controllo della qualit\u00e0, quanto ancora non funzionasse o si potesse fare meglio \u2013 continuare con l\u2019<strong>implementazione e organizzazione dei servizi\u00a0<\/strong>in modo che siano\u00a0<strong>performanti<\/strong>, \u00a0con la necessaria attenzione per tutte le singole componenti interne ed esterne all\u2019amministrazione che ne concorrono al buon funzionamento:\u00a0enti autonomi, associazioni di quartiere, patriziati, parrocchie, societ\u00e0 sportive, associazioni ed altre istituzioni pubbliche o private.<\/p><p>Per questo,\u00a0il Municipio deve impegnarsi a\u00a0<strong>portare a termine i lavori di organizzazione\u00a0<\/strong>(<strong>anche delle finanze<\/strong>, cercando in particolare\u00a0di\u00a0<strong>stabilizzare la spesa pubblica<\/strong>)\u00a0<strong>del nuovo Comune<\/strong>, nel rispetto e valorizzando i\u00a0<strong>dipendenti<\/strong>, i\u00a0<strong>singoli quartieri<\/strong>\u00a0e l\u2019<strong>intera<\/strong>\u00a0<strong>popolazione<\/strong>\u00a0dei tredici ex Comuni, ora quartieri aggregati.<\/p><\/div>\n\t\t\t\t<\/div>\n\t\t\t\t\t\t\t<div class=\"elementor-toggle-item\">\n\t\t\t\t\t<div id=\"elementor-tab-title-1902\" class=\"elementor-tab-title\" data-tab=\"2\" role=\"button\" aria-controls=\"elementor-tab-content-1902\" aria-expanded=\"false\">\n\t\t\t\t\t\t\t\t\t\t\t\t<span class=\"elementor-toggle-icon elementor-toggle-icon-left\" aria-hidden=\"true\">\n\t\t\t\t\t\t\t\t\t\t\t\t\t\t\t<span class=\"elementor-toggle-icon-closed\"><svg class=\"e-font-icon-svg e-fas-caret-right\" viewBox=\"0 0 192 512\" xmlns=\"http:\/\/www.w3.org\/2000\/svg\"><path d=\"M0 384.662V127.338c0-17.818 21.543-26.741 34.142-14.142l128.662 128.662c7.81 7.81 7.81 20.474 0 28.284L34.142 398.804C21.543 411.404 0 402.48 0 384.662z\"><\/path><\/svg><\/span>\n\t\t\t\t\t\t\t\t<span class=\"elementor-toggle-icon-opened\"><svg class=\"elementor-toggle-icon-opened e-font-icon-svg e-fas-caret-up\" viewBox=\"0 0 320 512\" xmlns=\"http:\/\/www.w3.org\/2000\/svg\"><path d=\"M288.662 352H31.338c-17.818 0-26.741-21.543-14.142-34.142l128.662-128.662c7.81-7.81 20.474-7.81 28.284 0l128.662 128.662c12.6 12.599 3.676 34.142-14.142 34.142z\"><\/path><\/svg><\/span>\n\t\t\t\t\t\t\t\t\t\t\t\t\t<\/span>\n\t\t\t\t\t\t\t\t\t\t\t\t<a class=\"elementor-toggle-title\" tabindex=\"0\">Sicurezza pubblica e coesione sociale<\/a>\n\t\t\t\t\t<\/div>\n\n\t\t\t\t\t<div id=\"elementor-tab-content-1902\" class=\"elementor-tab-content elementor-clearfix\" data-tab=\"2\" role=\"region\" aria-labelledby=\"elementor-tab-title-1902\"><p>La sicurezza pubblica e quella sociale stanno alla base della qualit\u00e0 di vita del singolo cittadino.<\/p><p>Per questo,\u00a0il Municipio deve impegnarsi a:<\/p><ol><li>garantire la necessaria\u00a0<strong>sicurezza della propriet\u00e0 e personale<\/strong>, compresa la\u00a0<strong>sicurezza sulle strade in particolare degli utenti pi\u00f9 deboli come bambini e anziani<\/strong>, cos\u00ec come degli spazi, dei beni e delle istituzioni pubbliche mediante un\u00a0<strong>corpo di polizia comunale attivo secondo principi di prossimit\u00e0\u00a0<\/strong>e un\u00a0<strong>corpo dei pompieri\u00a0<\/strong>che dispongano delle necessarie risorse umane e materiali;<\/li><li>garantire la necessaria sicurezza e coesione sociale tramite\u00a0<strong>servizi sociali adeguati<\/strong>, attivi secondo il\u00a0<strong>principio della sussidiariet\u00e0<\/strong>.<\/li><\/ol><\/div>\n\t\t\t\t<\/div>\n\t\t\t\t\t\t\t<div class=\"elementor-toggle-item\">\n\t\t\t\t\t<div id=\"elementor-tab-title-1903\" class=\"elementor-tab-title\" data-tab=\"3\" role=\"button\" aria-controls=\"elementor-tab-content-1903\" aria-expanded=\"false\">\n\t\t\t\t\t\t\t\t\t\t\t\t<span class=\"elementor-toggle-icon elementor-toggle-icon-left\" aria-hidden=\"true\">\n\t\t\t\t\t\t\t\t\t\t\t\t\t\t\t<span class=\"elementor-toggle-icon-closed\"><svg class=\"e-font-icon-svg e-fas-caret-right\" viewBox=\"0 0 192 512\" xmlns=\"http:\/\/www.w3.org\/2000\/svg\"><path d=\"M0 384.662V127.338c0-17.818 21.543-26.741 34.142-14.142l128.662 128.662c7.81 7.81 7.81 20.474 0 28.284L34.142 398.804C21.543 411.404 0 402.48 0 384.662z\"><\/path><\/svg><\/span>\n\t\t\t\t\t\t\t\t<span class=\"elementor-toggle-icon-opened\"><svg class=\"elementor-toggle-icon-opened e-font-icon-svg e-fas-caret-up\" viewBox=\"0 0 320 512\" xmlns=\"http:\/\/www.w3.org\/2000\/svg\"><path d=\"M288.662 352H31.338c-17.818 0-26.741-21.543-14.142-34.142l128.662-128.662c7.81-7.81 20.474-7.81 28.284 0l128.662 128.662c12.6 12.599 3.676 34.142-14.142 34.142z\"><\/path><\/svg><\/span>\n\t\t\t\t\t\t\t\t\t\t\t\t\t<\/span>\n\t\t\t\t\t\t\t\t\t\t\t\t<a class=\"elementor-toggle-title\" tabindex=\"0\">Infrastrutture di mobilit\u00e0 e attenzione per il territorio<\/a>\n\t\t\t\t\t<\/div>\n\n\t\t\t\t\t<div id=\"elementor-tab-content-1903\" class=\"elementor-tab-content elementor-clearfix\" data-tab=\"3\" role=\"region\" aria-labelledby=\"elementor-tab-title-1903\"><p>La libert\u00e0 di movimento \u00e8 una delle condizioni quadro principali per un adeguato sviluppo economico, sociale e culturale. L\u2019apertura della Galleria di base del San Gottardo nel 2016 e di quella del Monte Ceneri nel 2020 pongono il Bellinzonese in posizione privilegiata. L\u2019asse ferroviario \u2013 in realt\u00e0 principalmente pensato per il trasporto di merci, per il qual motivo bisogna insistere con forza nei confronti della Confederazione per\u00a0<strong>anticipare il completamento di AlpTransit con la circonvallazione del Bellinzonese<\/strong>\u00a0\u2013 migliorer\u00e0 l\u2019accesso internazionale e nazionale da e per Bellinzona, offrendo pure l\u2019infrastruttura di base per un ulteriore sviluppo della mobilit\u00e0 pubblica regionale sul modello della S-Bahn d\u2019Oltralpe. Attorno ad esso la mobilit\u00e0 pubblica su gomma deve garantire adeguati collegamenti su tutto il territorio comunale e quella privata godere di infrastrutture consone, nel segno della libera scelta e combinazione dei diversi mezzi di trasporto.<\/p><p>A fronte di cambiamenti cos\u00ec epocali e repentini, il territorio del nuovo Comune dovr\u00e0 essere pianificato in modo attento e sostenibile.<\/p><p>Per questo,\u00a0il Municipio deve impegnarsi a:<\/p><ol><li>proseguire con lo sviluppo della\u00a0<strong>mobilit\u00e0 pubblica su ferrovia<\/strong>\u00a0(realizzazione del\u00a0<strong>Ticino-metr\u00f2\u00a0<\/strong>con\u00a0<strong>cadenza ogni quindici minuti su Lugano e su Locarno<\/strong>,\u00a0<strong>nuove fermate<\/strong>\u00a0\u2013 come ad esempio\u00a0in Piazza Indipendenza \u2013\u00a0e\u00a0<strong>nodi intermodali\u00a0<\/strong>a Bellinzona e Giubiasco), rispettivamente della\u00a0<strong>mobilit\u00e0 pubblica su\u00a0gomma<\/strong>, servendo\u00a0<strong>capillarmente tutti i quartieri della nuova Citt\u00e0<\/strong>;<\/li><li>migliorare la\u00a0<strong>mobilit\u00e0 individuale<\/strong>, sostenendo la realizzazione del\u00a0<strong>semisvincolo di Bellinzona centro\u00a0<\/strong>e altre misure di<strong>\u00a0velocizzazione del trasporto pubblico e privato\u00a0<\/strong>sui principali assi\u00a0di transito;<\/li><li>completare la\u00a0<strong>rete ciclopedonale<\/strong>\u00a0dell\u2019agglomerato e promuovere\u00a0la\u00a0<strong>mobilit\u00e0\u00a0dolce quale valida alternativa a quella motorizzata\u00a0<\/strong>anche per raggiungere il proprio posto di lavoro;<\/li><li>disegnare la nuova citt\u00e0 secondo i principi\u00a0di uno\u00a0<strong>sviluppo\u00a0attento e sostenibile del territorio<\/strong>, sulla base di un\u00a0<strong>piano d\u2019azione comunale<\/strong>\u00a0(masterplan), che funga da base per le revisioni generali degli attuali piani regolatori, convergendo \u2013 nel medio-lungo periodo \u2013 a un piano regolatore unico, rispettoso delle caratteristiche proprie di ogni quartiere e frazione del nuovo Comune;<\/li><li>promuovere un\u00a0<strong>migliore sfruttamento dei comparti\u00a0gi\u00e0 edificati o edificabili\u00a0<\/strong>nella zona urbana centrale per\u00a0<strong>invertire la tendenza dello sfruttamento diffuso del territorio<\/strong>,\u00a0fra i responsabili dell\u2019aumento del traffico stradale.<\/li><\/ol><\/div>\n\t\t\t\t<\/div>\n\t\t\t\t\t\t\t<div class=\"elementor-toggle-item\">\n\t\t\t\t\t<div id=\"elementor-tab-title-1904\" class=\"elementor-tab-title\" data-tab=\"4\" role=\"button\" aria-controls=\"elementor-tab-content-1904\" aria-expanded=\"false\">\n\t\t\t\t\t\t\t\t\t\t\t\t<span class=\"elementor-toggle-icon elementor-toggle-icon-left\" aria-hidden=\"true\">\n\t\t\t\t\t\t\t\t\t\t\t\t\t\t\t<span class=\"elementor-toggle-icon-closed\"><svg class=\"e-font-icon-svg e-fas-caret-right\" viewBox=\"0 0 192 512\" xmlns=\"http:\/\/www.w3.org\/2000\/svg\"><path d=\"M0 384.662V127.338c0-17.818 21.543-26.741 34.142-14.142l128.662 128.662c7.81 7.81 7.81 20.474 0 28.284L34.142 398.804C21.543 411.404 0 402.48 0 384.662z\"><\/path><\/svg><\/span>\n\t\t\t\t\t\t\t\t<span class=\"elementor-toggle-icon-opened\"><svg class=\"elementor-toggle-icon-opened e-font-icon-svg e-fas-caret-up\" viewBox=\"0 0 320 512\" xmlns=\"http:\/\/www.w3.org\/2000\/svg\"><path d=\"M288.662 352H31.338c-17.818 0-26.741-21.543-14.142-34.142l128.662-128.662c7.81-7.81 20.474-7.81 28.284 0l128.662 128.662c12.6 12.599 3.676 34.142-14.142 34.142z\"><\/path><\/svg><\/span>\n\t\t\t\t\t\t\t\t\t\t\t\t\t<\/span>\n\t\t\t\t\t\t\t\t\t\t\t\t<a class=\"elementor-toggle-title\" tabindex=\"0\">Un'alta qualit\u00e0 di vita<\/a>\n\t\t\t\t\t<\/div>\n\n\t\t\t\t\t<div id=\"elementor-tab-content-1904\" class=\"elementor-tab-content elementor-clearfix\" data-tab=\"4\" role=\"region\" aria-labelledby=\"elementor-tab-title-1904\"><p>Il fine primo \u2013 e ultimo \u2013 dell\u2019azione politica comunale dev\u2019essere il\u00a0<strong>raggiungimento di un\u2019alta qualit\u00e0 di vita per l\u2019intera cittadinanza\u00a0<\/strong>del Comune, in modo che vi si abiti, vi si lavori o lo si visiti volentieri, come generalmente \u00e8 gi\u00e0 oggi il caso e come sempre pi\u00f9 lo dovr\u00e0 essere anche in futuro. La Citt\u00e0 di Bellinzona ne ha senz\u2019altro le potenzialit\u00e0!<\/p><\/div>\n\t\t\t\t<\/div>\n\t\t\t\t\t\t\t\t<\/div>\n\t\t\t\t\t\t<\/div>\n\t\t\t\t<\/div>\n\t\t\t\t<div class=\"elementor-element elementor-element-40f3787 elementor-widget elementor-widget-heading\" data-id=\"40f3787\" data-element_type=\"widget\" data-e-type=\"widget\" data-widget_type=\"heading.default\">\n\t\t\t\t<div class=\"elementor-widget-container\">\n\t\t\t\t\t<h4 class=\"elementor-heading-title elementor-size-default\">Le eccellenze su cui puntare\n<\/h4>\t\t\t\t<\/div>\n\t\t\t\t<\/div>\n\t\t\t\t<div class=\"elementor-element elementor-element-58eabee elementor-widget elementor-widget-text-editor\" data-id=\"58eabee\" data-element_type=\"widget\" data-e-type=\"widget\" data-widget_type=\"text-editor.default\">\n\t\t\t\t<div class=\"elementor-widget-container\">\n\t\t\t\t\t\t\t\t\t<p>Con la messa in esercizio della Galleria di base del Monte Ceneri alla fine del 2020 \u2013 e il conseguente dimezzamento dei tempi di percorrenza tra le maggiori citt\u00e0 del Cantone \u2013 viene di fatto a realizzarsi\u00a0quella che da decenni \u00e8 immaginata come Citt\u00e0-Ticino. La Citt\u00e0 di Bellinzona potr\u00e0 giocarvi un ruolo di primo piano, se sapr\u00e0 sviluppare le eccellenze di cui dispone, creando un circolo virtuoso a livello economico, sociale e territoriale.<\/p>\t\t\t\t\t\t\t\t<\/div>\n\t\t\t\t<\/div>\n\t\t\t\t<div class=\"elementor-element elementor-element-07e85bf elementor-widget elementor-widget-toggle\" data-id=\"07e85bf\" data-element_type=\"widget\" data-e-type=\"widget\" data-widget_type=\"toggle.default\">\n\t\t\t\t<div class=\"elementor-widget-container\">\n\t\t\t\t\t\t\t<div class=\"elementor-toggle\">\n\t\t\t\t\t\t\t<div class=\"elementor-toggle-item\">\n\t\t\t\t\t<div id=\"elementor-tab-title-8291\" class=\"elementor-tab-title\" data-tab=\"1\" role=\"button\" aria-controls=\"elementor-tab-content-8291\" aria-expanded=\"false\">\n\t\t\t\t\t\t\t\t\t\t\t\t<span class=\"elementor-toggle-icon elementor-toggle-icon-left\" aria-hidden=\"true\">\n\t\t\t\t\t\t\t\t\t\t\t\t\t\t\t<span class=\"elementor-toggle-icon-closed\"><svg class=\"e-font-icon-svg e-fas-caret-right\" viewBox=\"0 0 192 512\" xmlns=\"http:\/\/www.w3.org\/2000\/svg\"><path d=\"M0 384.662V127.338c0-17.818 21.543-26.741 34.142-14.142l128.662 128.662c7.81 7.81 7.81 20.474 0 28.284L34.142 398.804C21.543 411.404 0 402.48 0 384.662z\"><\/path><\/svg><\/span>\n\t\t\t\t\t\t\t\t<span class=\"elementor-toggle-icon-opened\"><svg class=\"elementor-toggle-icon-opened e-font-icon-svg e-fas-caret-up\" viewBox=\"0 0 320 512\" xmlns=\"http:\/\/www.w3.org\/2000\/svg\"><path d=\"M288.662 352H31.338c-17.818 0-26.741-21.543-14.142-34.142l128.662-128.662c7.81-7.81 20.474-7.81 28.284 0l128.662 128.662c12.6 12.599 3.676 34.142-14.142 34.142z\"><\/path><\/svg><\/span>\n\t\t\t\t\t\t\t\t\t\t\t\t\t<\/span>\n\t\t\t\t\t\t\t\t\t\t\t\t<a class=\"elementor-toggle-title\" tabindex=\"0\">Citt\u00e0 della scienza e della ricerca<\/a>\n\t\t\t\t\t<\/div>\n\n\t\t\t\t\t<div id=\"elementor-tab-content-8291\" class=\"elementor-tab-content elementor-clearfix\" data-tab=\"1\" role=\"region\" aria-labelledby=\"elementor-tab-title-8291\"><p>Il nome di Bellinzona \u00e8 mondialmente conosciuto grazie alle scoperte periodicamente pubblicate dall\u2019<a href=\"http:\/\/www.irb.usi.ch\/\" target=\"_blank\" rel=\"noopener noreferrer\">Istituto di ricerca in biomedicina\u00a0<\/a>(IRB) che, assieme\u00a0all\u2019<a href=\"http:\/\/ior.iosi.ch\/site\/\" target=\"_blank\" rel=\"noopener noreferrer\">Istituto oncologico di ricerca\u00a0<\/a>(IOR) e al\u00a0<a href=\"http:\/\/www.eoc.ch\/Centri-specialistici\/NSI\/NSI.html\" target=\"_blank\" rel=\"noopener noreferrer\">Neurocentro della Svizzera italiana\u00a0<\/a>(NSI)\u00a0dell\u2019<a href=\"http:\/\/www.eoc.ch\/\" target=\"_blank\" rel=\"noopener noreferrer\">Ente ospedaliero cantonale\u00a0<\/a>(EOC), costituisce gi\u00e0 oggi un importante polo di ricerca con sede nella nostra citt\u00e0. Attorno a quelle realt\u00e0 bisogna puntare per sviluppare un autentico centro di competenze e relazioni non solo nella ricerca di base, ma anche in quella applicata che ruoti attorno alla nuova sede in via di realizzazione\u00a0all\u2019ex campo militare, a quella attuale in via Vela e all\u2019<a href=\"http:\/\/www.eoc.ch\/Ospedali-e-Istituti\/Ospedale-Regionale-di-Bellinzona-e-Valli\/Bellinzona\/Presentazione.html\" target=\"_blank\" rel=\"noopener noreferrer\">Ospedale San Giovanni<\/a>, da sviluppare ulteriormente nella sua valenza\u00a0cantonale.<\/p><p>Per questo,\u00a0il Municipio deve impegnarsi a:<\/p><ol><li>sfruttare la\u00a0<strong>nuova sede dell\u2019IRB, IOSI e laboratori\u00a0dell\u2019NSI<\/strong>\u00a0all\u2019ex campo militare, promuovendovi attorno un vero e proprio\u00a0<strong>campus della formazione, della ricerca e dello svago<\/strong>, da inserire a pieno titolo nella costituenda\u00a0<strong>facolt\u00e0 di scienze biomediche\u00a0<\/strong>dell\u2019<a href=\"http:\/\/www.usi.ch\/\" target=\"_blank\" rel=\"noopener noreferrer\">Universit\u00e0 della Svizzera italiana<\/a>;<\/li><li>costituire, di concerto con il Cantone (<a href=\"http:\/\/www.agire.ch\/\" target=\"_blank\" rel=\"noopener noreferrer\">fondazione Agire<\/a>), un\u00a0<strong>tecnopolo biomedicale<\/strong>\u00a0capace di attrarre nuove imprese attive in quel campo;<\/li><li>promuovere la realizzazione di un\u00a0<strong>nuovo ospedale regionale di valenza cantonale sul sedime della Saleggina<\/strong>\u00a0ove trasferire a medio termine l\u2019attuale\u00a0<strong>Ospedale\u00a0San Giovanni da preservare con l\u2019intera\u00a0sua offerta attuale<\/strong>\u00a0e svilupparvi in particolare un\u00a0<strong>Ospedale pediatrico cantonale\u00a0<\/strong>con ulteriori campi di attivit\u00e0 nella medicina di punta.<\/li><\/ol><\/div>\n\t\t\t\t<\/div>\n\t\t\t\t\t\t\t<div class=\"elementor-toggle-item\">\n\t\t\t\t\t<div id=\"elementor-tab-title-8292\" class=\"elementor-tab-title\" data-tab=\"2\" role=\"button\" aria-controls=\"elementor-tab-content-8292\" aria-expanded=\"false\">\n\t\t\t\t\t\t\t\t\t\t\t\t<span class=\"elementor-toggle-icon elementor-toggle-icon-left\" aria-hidden=\"true\">\n\t\t\t\t\t\t\t\t\t\t\t\t\t\t\t<span class=\"elementor-toggle-icon-closed\"><svg class=\"e-font-icon-svg e-fas-caret-right\" viewBox=\"0 0 192 512\" xmlns=\"http:\/\/www.w3.org\/2000\/svg\"><path d=\"M0 384.662V127.338c0-17.818 21.543-26.741 34.142-14.142l128.662 128.662c7.81 7.81 7.81 20.474 0 28.284L34.142 398.804C21.543 411.404 0 402.48 0 384.662z\"><\/path><\/svg><\/span>\n\t\t\t\t\t\t\t\t<span class=\"elementor-toggle-icon-opened\"><svg class=\"elementor-toggle-icon-opened e-font-icon-svg e-fas-caret-up\" viewBox=\"0 0 320 512\" xmlns=\"http:\/\/www.w3.org\/2000\/svg\"><path d=\"M288.662 352H31.338c-17.818 0-26.741-21.543-14.142-34.142l128.662-128.662c7.81-7.81 20.474-7.81 28.284 0l128.662 128.662c12.6 12.599 3.676 34.142-14.142 34.142z\"><\/path><\/svg><\/span>\n\t\t\t\t\t\t\t\t\t\t\t\t\t<\/span>\n\t\t\t\t\t\t\t\t\t\t\t\t<a class=\"elementor-toggle-title\" tabindex=\"0\">Citt\u00e0 turistica e del commercio<\/a>\n\t\t\t\t\t<\/div>\n\n\t\t\t\t\t<div id=\"elementor-tab-content-8292\" class=\"elementor-tab-content elementor-clearfix\" data-tab=\"2\" role=\"region\" aria-labelledby=\"elementor-tab-title-8292\"><p>Con la loro inclusione nell\u2019anno 2000 nel Patrimonio mondiale dell\u2019umanit\u00e0 (<a href=\"http:\/\/whc.unesco.org\/\" target=\"_blank\" rel=\"noopener noreferrer\">UNESCO<\/a>), i\u00a0<a href=\"http:\/\/www2.bellinzonaturismo.ch\/it\/castelli.aspx\" target=\"_blank\" rel=\"noopener noreferrer\">tre castelli di Bellinzona\u00a0<\/a>possono contare su un eccezionale mezzo di promozione internazionale.\u00a0Il recupero di luoghi suggestivi come ad esempio\u00a0le chiese di San Defendente e San Barnard collegate dal nuovo\u00a0<a href=\"http:\/\/www.mornera.ch\/index.php?node=313&amp;lng=1&amp;rif=5916f56bde\" target=\"_blank\" rel=\"noopener noreferrer\">Ponte tibetano<\/a>,\u00a0di\u00a0<a href=\"http:\/\/www.curzutt.ch\/\" target=\"_blank\" rel=\"noopener noreferrer\">Curz\u00f9tt<\/a>,\u00a0<a href=\"http:\/\/patriziatogorduno.ch\/arami\/fondazione\/\" target=\"_blank\" rel=\"noopener noreferrer\">Arami\u00a0<\/a>e, si spera a breve, pure di\u00a0<a href=\"https:\/\/fondazione-prada.ch\/\">Prada<\/a>\u00a0sulla sponda sinistra assieme ai\u00a0<a href=\"http:\/\/www.fortini-camorino.com\/\" target=\"_blank\" rel=\"noopener noreferrer\">fortini della fame\u00a0<\/a>di Camorino, cos\u00ec\u00a0come\u00a0della\u00a0<a href=\"https:\/\/it.wikipedia.org\/wiki\/Chiesa_collegiata_dei_Santi_Pietro_e_Stefano\" target=\"_blank\" rel=\"noopener noreferrer\">Collegiata\u00a0<\/a>e del Corpus Domini nel centro storico di Bellinzona, della\u00a0<a href=\"https:\/\/it.wikipedia.org\/wiki\/Chiesa_di_San_Biagio_(Ravecchia)\" target=\"_blank\" rel=\"noopener noreferrer\">chiesa\u00a0di San Biagio\u00a0<\/a>a Ravecchia,\u00a0fanno del Bellinzonese una regione con tutte le caratteristiche per essere turisticamente interessante e contribuire in tal modo al rilancio del commercio locale.<\/p><p>Per questo,\u00a0il Municipio deve impegnarsi a:<\/p><ol><li>valorizzare ulteriormente la fortezza di Bellinzona, composta dai\u00a0<strong>tre castelli e la murata<\/strong>, mediante\u00a0<strong>allestimenti multimediali<\/strong>\u00a0e la\u00a0<strong>creazione di percorsi tematici ed emozionali<\/strong>\u00a0che li rendano un\u2019esperienza unica da proporre come attrazione di livello nazionale e internazionale;<\/li><li>sostenere i\u00a0<strong>progetti di recupero del territorio della montagna<\/strong>\u00a0di sponda destra (Carasc, da Gudo, San Defendente, Sementina, passando per Curz\u00f9tt, Monte Carasso, Carasso, Gorduno e l\u2019Alpe Arami) e di sponda sinistra (con le perle di Prada, i fortini della fame di Camorino e la Valle Morobbia), rispettivamente quelli di\u00a0<strong>rinaturazione del fiume Ticino\u00a0<\/strong>da realizzare quale autentico\u00a0<strong><a href=\"https:\/\/www.ilmiofiume.ch\/\">parco fluviale<\/a>\u00a0da Gudo sino a Moleno<\/strong>;<\/li><li>favorire la realizzazione di\u00a0<strong>strutture ricettive<\/strong>\u00a0(in particolare alberghi e centri congressuali) di cui la regione ancora fa difetto;<\/li><li>sostenere con convinzione\u00a0il\u00a0<strong>rilancio del commercio locale\u00a0<\/strong>di concerto con le locali associazioni di categoria, favorendone le condizioni quadro e la promozione coordinata.<\/li><\/ol><\/div>\n\t\t\t\t<\/div>\n\t\t\t\t\t\t\t<div class=\"elementor-toggle-item\">\n\t\t\t\t\t<div id=\"elementor-tab-title-8293\" class=\"elementor-tab-title\" data-tab=\"3\" role=\"button\" aria-controls=\"elementor-tab-content-8293\" aria-expanded=\"false\">\n\t\t\t\t\t\t\t\t\t\t\t\t<span class=\"elementor-toggle-icon elementor-toggle-icon-left\" aria-hidden=\"true\">\n\t\t\t\t\t\t\t\t\t\t\t\t\t\t\t<span class=\"elementor-toggle-icon-closed\"><svg class=\"e-font-icon-svg e-fas-caret-right\" viewBox=\"0 0 192 512\" xmlns=\"http:\/\/www.w3.org\/2000\/svg\"><path d=\"M0 384.662V127.338c0-17.818 21.543-26.741 34.142-14.142l128.662 128.662c7.81 7.81 7.81 20.474 0 28.284L34.142 398.804C21.543 411.404 0 402.48 0 384.662z\"><\/path><\/svg><\/span>\n\t\t\t\t\t\t\t\t<span class=\"elementor-toggle-icon-opened\"><svg class=\"elementor-toggle-icon-opened e-font-icon-svg e-fas-caret-up\" viewBox=\"0 0 320 512\" xmlns=\"http:\/\/www.w3.org\/2000\/svg\"><path d=\"M288.662 352H31.338c-17.818 0-26.741-21.543-14.142-34.142l128.662-128.662c7.81-7.81 20.474-7.81 28.284 0l128.662 128.662c12.6 12.599 3.676 34.142-14.142 34.142z\"><\/path><\/svg><\/span>\n\t\t\t\t\t\t\t\t\t\t\t\t\t<\/span>\n\t\t\t\t\t\t\t\t\t\t\t\t<a class=\"elementor-toggle-title\" tabindex=\"0\">Citt\u00e0 amministrativa e della formazione<\/a>\n\t\t\t\t\t<\/div>\n\n\t\t\t\t\t<div id=\"elementor-tab-content-8293\" class=\"elementor-tab-content elementor-clearfix\" data-tab=\"3\" role=\"region\" aria-labelledby=\"elementor-tab-title-8293\"><p>Sin da quando ne \u00e8 divenuta Capitale stabile, Bellinzona \u00e8 sede principale dell\u2019<a href=\"http:\/\/www4.ti.ch\/stato-e-organizzazione\/\" target=\"_blank\" rel=\"noopener noreferrer\">amministrazione cantonale<\/a>. Su questa importante presenza \u2013\u00a0in termini di posti di lavoro e di sinergie \u2013\u00a0sono stati costituiti negli anni centri di competenza dell\u2019amministrazione pubblica e importanti centri di formazione scolastica e professionale, ora di fronte a un importante sviluppo logistico e organizzativo.<\/p><p>Per questo,\u00a0il Municipio deve impegnarsi a:<\/p><ol><li>favorire la presenza dell\u2019amministrazione cantonale e dei propri uffici nella regione sulla base di un chiaro\u00a0<strong>piano logistico del\u00a0<\/strong><strong>Bellinzonese<\/strong>\u00a0che ne pianifichi la futura organizzazione ed evoluzione;<\/li><li>destinare le necessarie risorse umane, finanziarie e logistiche al\u00a0<strong>settore della scuola elementare e dell\u2019infanzia<\/strong>, primo passo per il futuro della nostra societ\u00e0 e del\u00a0mondo formativo superiore;<\/li><li>collaborare con il Cantone allo sviluppo delle importanti presenze formative di rilevanza cantonale, come ad esempio il\u00a0<a href=\"http:\/\/www.cptbellinzona.ti.ch\/\" target=\"_blank\" rel=\"noopener noreferrer\">Centro professionale tecnico<\/a>\u00a0(CPT),\u00a0l\u2019<a href=\"https:\/\/www.icec.ti-edu.ch\/\" target=\"_blank\" rel=\"noopener noreferrer\">Istituto cantonale di economia e commercio\u00a0<\/a>(ICEC) e\u00a0il\u00a0<a href=\"http:\/\/www.liceobellinzona.ti.ch\/home\/\" target=\"_blank\" rel=\"noopener noreferrer\">liceo cantonale<\/a>, in via di ampliamento all\u2019interno del costituendo\u00a0<strong>campus della formazione, della ricerca e dello svago<\/strong>, o\u00a0il nuovo\u00a0<strong>polo di formazione sanitaria<\/strong>\u00a0in costituzione attorno alla\u00a0<a href=\"http:\/\/sspss.ch\/site\/\" target=\"_blank\" rel=\"noopener noreferrer\">Scuola specializzata\u00a0per le professioni sanitarie e sociali\u00a0<\/a>(SSPSS) con sede principale a Giubiasco.<\/li><\/ol><\/div>\n\t\t\t\t<\/div>\n\t\t\t\t\t\t\t<div class=\"elementor-toggle-item\">\n\t\t\t\t\t<div id=\"elementor-tab-title-8294\" class=\"elementor-tab-title\" data-tab=\"4\" role=\"button\" aria-controls=\"elementor-tab-content-8294\" aria-expanded=\"false\">\n\t\t\t\t\t\t\t\t\t\t\t\t<span class=\"elementor-toggle-icon elementor-toggle-icon-left\" aria-hidden=\"true\">\n\t\t\t\t\t\t\t\t\t\t\t\t\t\t\t<span class=\"elementor-toggle-icon-closed\"><svg class=\"e-font-icon-svg e-fas-caret-right\" viewBox=\"0 0 192 512\" xmlns=\"http:\/\/www.w3.org\/2000\/svg\"><path d=\"M0 384.662V127.338c0-17.818 21.543-26.741 34.142-14.142l128.662 128.662c7.81 7.81 7.81 20.474 0 28.284L34.142 398.804C21.543 411.404 0 402.48 0 384.662z\"><\/path><\/svg><\/span>\n\t\t\t\t\t\t\t\t<span class=\"elementor-toggle-icon-opened\"><svg class=\"elementor-toggle-icon-opened e-font-icon-svg e-fas-caret-up\" viewBox=\"0 0 320 512\" xmlns=\"http:\/\/www.w3.org\/2000\/svg\"><path d=\"M288.662 352H31.338c-17.818 0-26.741-21.543-14.142-34.142l128.662-128.662c7.81-7.81 20.474-7.81 28.284 0l128.662 128.662c12.6 12.599 3.676 34.142-14.142 34.142z\"><\/path><\/svg><\/span>\n\t\t\t\t\t\t\t\t\t\t\t\t\t<\/span>\n\t\t\t\t\t\t\t\t\t\t\t\t<a class=\"elementor-toggle-title\" tabindex=\"0\">Citt\u00e0 della tecnologia e dell'innovazione<\/a>\n\t\t\t\t\t<\/div>\n\n\t\t\t\t\t<div id=\"elementor-tab-content-8294\" class=\"elementor-tab-content elementor-clearfix\" data-tab=\"4\" role=\"region\" aria-labelledby=\"elementor-tab-title-8294\"><p>Il nuovo Comune non dispone di zone industriali estese. La Citt\u00e0 di Bellinzona, anche tramite pi\u00f9 incisive iniziative di promozione del territorio, deve puntare su attivit\u00e0 innovative, sia in campo privato, sia in quello pubblico e para-pubblico, con l\u2019obiettivo di incrementare l\u2019attrattivit\u00e0 imprenditoriale e quindi i posti di lavoro nella regione.<\/p><p>Per questo,\u00a0il Municipio deve impegnarsi a:<\/p><ol><li><strong>salvaguardare i posti di lavoro e di formazione<\/strong>\u00a0nel settore artigianale e industriale presenti sul territorio, promuovendo la regione del Bellinzonese\u00a0per l\u2019arrivo di\u00a0<strong>nuove attivit\u00e0 imprenditoriali\u00a0<\/strong>di punta tramite un servizio dedicato di\u00a0<strong>marketing territoriale<\/strong>;<\/li><li>vigilare a che venga realizzato il\u00a0<strong>nuovo stabilimento industriale delle FFS\u00a0<\/strong>a Castione con le lavorazioni e i posti di lavoro previsti, rispettivamente a che sul sedime attuale venga pianificato il\u00a0<strong><a href=\"https:\/\/www.quartiereofficine.ch\/\">Nuovo Quartiere Officine<\/a>,\u00a0<\/strong>secondo principi di sostenibilit\u00e0 ambientale, sociale ed economica, come vero e proprio\u00a0<strong>distretto dell\u2019innovazione<\/strong>, nel quale oltre all\u2019abitazione e ad attivit\u00e0 di formazione e socializzazione, si sviluppi un\u00a0<strong>parco tecnologico<\/strong>\u00a0con il coinvolgimento di\u00a0<strong>aziende private<\/strong>\u00a0ed\u00a0<strong>istituti accademici e di ricerca cantonali e federali<\/strong>\u00a0nel quadro dello\u00a0<strong><a href=\"https:\/\/www.switzerland-innovation.com\/\" target=\"_blank\" rel=\"noopener noreferrer\">Swiss Innovation Park<\/a><\/strong>, di cui il\u00a0<strong>Ticino<\/strong>\u00a0fa ora parte grazie all\u2019affiliazione alla sede di\u00a0<strong>Zurigo<\/strong>;<\/li><li>profilarsi come\u00a0<strong>regione innovativa nel campo della mobilit\u00e0 pubblica, privata e dei dati<\/strong>, investendo sulla connessione generalizzata alla\u00a0<strong>fibra ottica<\/strong>, su\u00a0un sistema capillare di\u00a0<strong>ricarica per auto elettriche<\/strong>, su\u00a0<strong>nuove tecnologie di propulsione dei bus<\/strong>\u00a0e su\u00a0<strong>sistemi d\u2019avanguardia per l\u2019informazione all\u2019utenza<\/strong>, facendo capo \u2013 quale mezzo della propria politica industriale e digitale \u2013 in particolare all\u2019<a href=\"https:\/\/www.amb.ch\/it\/privati\"><strong>Azienda multiservizi Bellinzona (AMB)<\/strong><\/a><\/li><\/ol><\/div>\n\t\t\t\t<\/div>\n\t\t\t\t\t\t\t\t<\/div>\n\t\t\t\t\t\t<\/div>\n\t\t\t\t<\/div>\n\t\t\t\t\t<\/div>\n\t\t<\/div>\n\t\t\t\t\t<\/div>\n\t\t<\/section>\n\t\t\t\t<\/div>\n\t\t","protected":false},"excerpt":{"rendered":"<p>Elezioni comunali del 18 aprile 2021 Le mie priorit\u00e0 per il Comune di Bellinzona Negli ultimi anni sono state poste le basi per ridare al Bellinzonese il ruolo di agglomerato considerato, dinamico e propositivo, in vista delle grandi sfide con cui si deve confrontare, ora rese ancor pi\u00f9 difficili dalle conseguenze del COVID-19. Nelle ultime [&hellip;]<\/p>\n","protected":false},"author":1,"featured_media":1109,"parent":450,"menu_order":0,"comment_status":"closed","ping_status":"closed","template":"","meta":{"ocean_post_layout":"full-screen","ocean_both_sidebars_style":"","ocean_both_sidebars_content_width":0,"ocean_both_sidebars_sidebars_width":0,"ocean_sidebar":"","ocean_second_sidebar":"","ocean_disable_margins":"enable","ocean_add_body_class":"","ocean_shortcode_before_top_bar":"","ocean_shortcode_after_top_bar":"","ocean_shortcode_before_header":"","ocean_shortcode_after_header":"","ocean_has_shortcode":"","ocean_shortcode_after_title":"","ocean_shortcode_before_footer_widgets":"","ocean_shortcode_after_footer_widgets":"","ocean_shortcode_before_footer_bottom":"","ocean_shortcode_after_footer_bottom":"","ocean_display_top_bar":"default","ocean_display_header":"on","ocean_header_style":"custom","ocean_center_header_left_menu":"","ocean_custom_header_template":"9","ocean_custom_logo":0,"ocean_custom_retina_logo":0,"ocean_custom_logo_max_width":0,"ocean_custom_logo_tablet_max_width":0,"ocean_custom_logo_mobile_max_width":0,"ocean_custom_logo_max_height":0,"ocean_custom_logo_tablet_max_height":0,"ocean_custom_logo_mobile_max_height":0,"ocean_header_custom_menu":"","ocean_menu_typo_font_family":"","ocean_menu_typo_font_subset":"","ocean_menu_typo_font_size":0,"ocean_menu_typo_font_size_tablet":0,"ocean_menu_typo_font_size_mobile":0,"ocean_menu_typo_font_size_unit":"px","ocean_menu_typo_font_weight":"","ocean_menu_typo_font_weight_tablet":"","ocean_menu_typo_font_weight_mobile":"","ocean_menu_typo_transform":"","ocean_menu_typo_transform_tablet":"","ocean_menu_typo_transform_mobile":"","ocean_menu_typo_line_height":0,"ocean_menu_typo_line_height_tablet":0,"ocean_menu_typo_line_height_mobile":0,"ocean_menu_typo_line_height_unit":"","ocean_menu_typo_spacing":0,"ocean_menu_typo_spacing_tablet":0,"ocean_menu_typo_spacing_mobile":0,"ocean_menu_typo_spacing_unit":"","ocean_menu_link_color":"","ocean_menu_link_color_hover":"","ocean_menu_link_color_active":"","ocean_menu_link_background":"","ocean_menu_link_hover_background":"","ocean_menu_link_active_background":"","ocean_menu_social_links_bg":"","ocean_menu_social_hover_links_bg":"","ocean_menu_social_links_color":"","ocean_menu_social_hover_links_color":"","ocean_disable_title":"on","ocean_disable_heading":"default","ocean_post_title":"","ocean_post_subheading":"","ocean_post_title_style":"","ocean_post_title_background_color":"","ocean_post_title_background":0,"ocean_post_title_bg_image_position":"","ocean_post_title_bg_image_attachment":"","ocean_post_title_bg_image_repeat":"","ocean_post_title_bg_image_size":"","ocean_post_title_height":0,"ocean_post_title_bg_overlay":0.5,"ocean_post_title_bg_overlay_color":"","ocean_disable_breadcrumbs":"default","ocean_breadcrumbs_color":"","ocean_breadcrumbs_separator_color":"","ocean_breadcrumbs_links_color":"","ocean_breadcrumbs_links_hover_color":"","ocean_display_footer_widgets":"on","ocean_display_footer_bottom":"off","ocean_custom_footer_template":"10","footnotes":""},"class_list":["post-506","page","type-page","status-publish","has-post-thumbnail","hentry","entry","has-media"],"yoast_head":"<!-- This site is optimized with the Yoast SEO plugin v27.4 - https:\/\/yoast.com\/product\/yoast-seo-wordpress\/ -->\n<title>Comunali 2021 - Simone Gianini<\/title>\n<meta name=\"description\" content=\"Simone Gianini, avvocato e notaio, in Consiglio nazionale, un punto di congiunzione tra Berna e il Ticino, tra la politica comunale, cantonale e federale.\" \/>\n<meta name=\"robots\" content=\"index, follow, max-snippet:-1, max-image-preview:large, max-video-preview:-1\" \/>\n<link rel=\"canonical\" href=\"https:\/\/simonegianini.ch\/?page_id=506\" \/>\n<meta property=\"og:locale\" content=\"it_IT\" \/>\n<meta property=\"og:type\" content=\"article\" \/>\n<meta property=\"og:title\" content=\"Comunali 2021 - Simone Gianini\" \/>\n<meta property=\"og:description\" content=\"Simone Gianini, avvocato e notaio, in Consiglio nazionale, un punto di congiunzione tra Berna e il Ticino, tra la politica comunale, cantonale e federale.\" \/>\n<meta property=\"og:url\" content=\"https:\/\/simonegianini.ch\/?page_id=506\" \/>\n<meta property=\"og:site_name\" content=\"Simone Gianini\" \/>\n<meta property=\"article:publisher\" content=\"https:\/\/www.facebook.com\/simonegianini.ch\" \/>\n<meta property=\"article:modified_time\" content=\"2024-04-17T19:26:29+00:00\" \/>\n<meta property=\"og:image\" content=\"https:\/\/simonegianini.ch\/wp-content\/uploads\/2024\/04\/cropped-Favicon-per-siti-3.png\" \/>\n\t<meta property=\"og:image:width\" content=\"512\" \/>\n\t<meta property=\"og:image:height\" content=\"512\" \/>\n\t<meta property=\"og:image:type\" content=\"image\/png\" \/>\n<meta name=\"twitter:card\" content=\"summary_large_image\" \/>\n<meta name=\"twitter:label1\" content=\"Tempo di lettura stimato\" \/>\n\t<meta name=\"twitter:data1\" content=\"12 minuti\" \/>\n<script type=\"application\/ld+json\" class=\"yoast-schema-graph\">{\"@context\":\"https:\\\/\\\/schema.org\",\"@graph\":[{\"@type\":\"WebPage\",\"@id\":\"https:\\\/\\\/simonegianini.ch\\\/?page_id=506\",\"url\":\"https:\\\/\\\/simonegianini.ch\\\/?page_id=506\",\"name\":\"Comunali 2021 - Simone Gianini\",\"isPartOf\":{\"@id\":\"https:\\\/\\\/simonegianini.ch\\\/#website\"},\"primaryImageOfPage\":{\"@id\":\"https:\\\/\\\/simonegianini.ch\\\/?page_id=506#primaryimage\"},\"image\":{\"@id\":\"https:\\\/\\\/simonegianini.ch\\\/?page_id=506#primaryimage\"},\"thumbnailUrl\":\"https:\\\/\\\/simonegianini.ch\\\/wp-content\\\/uploads\\\/2024\\\/04\\\/cropped-Favicon-per-siti-3.png\",\"datePublished\":\"2024-04-08T09:46:53+00:00\",\"dateModified\":\"2024-04-17T19:26:29+00:00\",\"description\":\"Simone Gianini, avvocato e notaio, in Consiglio nazionale, un punto di congiunzione tra Berna e il Ticino, tra la politica comunale, cantonale e federale.\",\"breadcrumb\":{\"@id\":\"https:\\\/\\\/simonegianini.ch\\\/?page_id=506#breadcrumb\"},\"inLanguage\":\"it-IT\",\"potentialAction\":[{\"@type\":\"ReadAction\",\"target\":[\"https:\\\/\\\/simonegianini.ch\\\/?page_id=506\"]}]},{\"@type\":\"ImageObject\",\"inLanguage\":\"it-IT\",\"@id\":\"https:\\\/\\\/simonegianini.ch\\\/?page_id=506#primaryimage\",\"url\":\"https:\\\/\\\/simonegianini.ch\\\/wp-content\\\/uploads\\\/2024\\\/04\\\/cropped-Favicon-per-siti-3.png\",\"contentUrl\":\"https:\\\/\\\/simonegianini.ch\\\/wp-content\\\/uploads\\\/2024\\\/04\\\/cropped-Favicon-per-siti-3.png\",\"width\":512,\"height\":512},{\"@type\":\"BreadcrumbList\",\"@id\":\"https:\\\/\\\/simonegianini.ch\\\/?page_id=506#breadcrumb\",\"itemListElement\":[{\"@type\":\"ListItem\",\"position\":1,\"name\":\"Home\",\"item\":\"https:\\\/\\\/simonegianini.ch\\\/\"},{\"@type\":\"ListItem\",\"position\":2,\"name\":\"Politica\",\"item\":\"https:\\\/\\\/simonegianini.ch\\\/?page_id=23\"},{\"@type\":\"ListItem\",\"position\":3,\"name\":\"Elezioni\",\"item\":\"https:\\\/\\\/simonegianini.ch\\\/?page_id=450\"},{\"@type\":\"ListItem\",\"position\":4,\"name\":\"Comunali 2021\"}]},{\"@type\":\"WebSite\",\"@id\":\"https:\\\/\\\/simonegianini.ch\\\/#website\",\"url\":\"https:\\\/\\\/simonegianini.ch\\\/\",\"name\":\"Simone Gianini\",\"description\":\"\",\"publisher\":{\"@id\":\"https:\\\/\\\/simonegianini.ch\\\/#organization\"},\"potentialAction\":[{\"@type\":\"SearchAction\",\"target\":{\"@type\":\"EntryPoint\",\"urlTemplate\":\"https:\\\/\\\/simonegianini.ch\\\/?s={search_term_string}\"},\"query-input\":{\"@type\":\"PropertyValueSpecification\",\"valueRequired\":true,\"valueName\":\"search_term_string\"}}],\"inLanguage\":\"it-IT\"},{\"@type\":\"Organization\",\"@id\":\"https:\\\/\\\/simonegianini.ch\\\/#organization\",\"name\":\"Simone Gianini\",\"url\":\"https:\\\/\\\/simonegianini.ch\\\/\",\"logo\":{\"@type\":\"ImageObject\",\"inLanguage\":\"it-IT\",\"@id\":\"https:\\\/\\\/simonegianini.ch\\\/#\\\/schema\\\/logo\\\/image\\\/\",\"url\":\"https:\\\/\\\/simonegianini.ch\\\/wp-content\\\/uploads\\\/2024\\\/03\\\/Screenshot-2024-04-13-alle-12.39.43-1.png\",\"contentUrl\":\"https:\\\/\\\/simonegianini.ch\\\/wp-content\\\/uploads\\\/2024\\\/03\\\/Screenshot-2024-04-13-alle-12.39.43-1.png\",\"width\":1754,\"height\":980,\"caption\":\"Simone Gianini\"},\"image\":{\"@id\":\"https:\\\/\\\/simonegianini.ch\\\/#\\\/schema\\\/logo\\\/image\\\/\"},\"sameAs\":[\"https:\\\/\\\/www.facebook.com\\\/simonegianini.ch\",\"https:\\\/\\\/instagram.com\\\/simonegianini\"]}]}<\/script>\n<!-- \/ Yoast SEO plugin. -->","yoast_head_json":{"title":"Comunali 2021 - Simone Gianini","description":"Simone Gianini, avvocato e notaio, in Consiglio nazionale, un punto di congiunzione tra Berna e il Ticino, tra la politica comunale, cantonale e federale.","robots":{"index":"index","follow":"follow","max-snippet":"max-snippet:-1","max-image-preview":"max-image-preview:large","max-video-preview":"max-video-preview:-1"},"canonical":"https:\/\/simonegianini.ch\/?page_id=506","og_locale":"it_IT","og_type":"article","og_title":"Comunali 2021 - Simone Gianini","og_description":"Simone Gianini, avvocato e notaio, in Consiglio nazionale, un punto di congiunzione tra Berna e il Ticino, tra la politica comunale, cantonale e federale.","og_url":"https:\/\/simonegianini.ch\/?page_id=506","og_site_name":"Simone Gianini","article_publisher":"https:\/\/www.facebook.com\/simonegianini.ch","article_modified_time":"2024-04-17T19:26:29+00:00","og_image":[{"width":512,"height":512,"url":"https:\/\/simonegianini.ch\/wp-content\/uploads\/2024\/04\/cropped-Favicon-per-siti-3.png","type":"image\/png"}],"twitter_card":"summary_large_image","twitter_misc":{"Tempo di lettura stimato":"12 minuti"},"schema":{"@context":"https:\/\/schema.org","@graph":[{"@type":"WebPage","@id":"https:\/\/simonegianini.ch\/?page_id=506","url":"https:\/\/simonegianini.ch\/?page_id=506","name":"Comunali 2021 - Simone Gianini","isPartOf":{"@id":"https:\/\/simonegianini.ch\/#website"},"primaryImageOfPage":{"@id":"https:\/\/simonegianini.ch\/?page_id=506#primaryimage"},"image":{"@id":"https:\/\/simonegianini.ch\/?page_id=506#primaryimage"},"thumbnailUrl":"https:\/\/simonegianini.ch\/wp-content\/uploads\/2024\/04\/cropped-Favicon-per-siti-3.png","datePublished":"2024-04-08T09:46:53+00:00","dateModified":"2024-04-17T19:26:29+00:00","description":"Simone Gianini, avvocato e notaio, in Consiglio nazionale, un punto di congiunzione tra Berna e il Ticino, tra la politica comunale, cantonale e federale.","breadcrumb":{"@id":"https:\/\/simonegianini.ch\/?page_id=506#breadcrumb"},"inLanguage":"it-IT","potentialAction":[{"@type":"ReadAction","target":["https:\/\/simonegianini.ch\/?page_id=506"]}]},{"@type":"ImageObject","inLanguage":"it-IT","@id":"https:\/\/simonegianini.ch\/?page_id=506#primaryimage","url":"https:\/\/simonegianini.ch\/wp-content\/uploads\/2024\/04\/cropped-Favicon-per-siti-3.png","contentUrl":"https:\/\/simonegianini.ch\/wp-content\/uploads\/2024\/04\/cropped-Favicon-per-siti-3.png","width":512,"height":512},{"@type":"BreadcrumbList","@id":"https:\/\/simonegianini.ch\/?page_id=506#breadcrumb","itemListElement":[{"@type":"ListItem","position":1,"name":"Home","item":"https:\/\/simonegianini.ch\/"},{"@type":"ListItem","position":2,"name":"Politica","item":"https:\/\/simonegianini.ch\/?page_id=23"},{"@type":"ListItem","position":3,"name":"Elezioni","item":"https:\/\/simonegianini.ch\/?page_id=450"},{"@type":"ListItem","position":4,"name":"Comunali 2021"}]},{"@type":"WebSite","@id":"https:\/\/simonegianini.ch\/#website","url":"https:\/\/simonegianini.ch\/","name":"Simone Gianini","description":"","publisher":{"@id":"https:\/\/simonegianini.ch\/#organization"},"potentialAction":[{"@type":"SearchAction","target":{"@type":"EntryPoint","urlTemplate":"https:\/\/simonegianini.ch\/?s={search_term_string}"},"query-input":{"@type":"PropertyValueSpecification","valueRequired":true,"valueName":"search_term_string"}}],"inLanguage":"it-IT"},{"@type":"Organization","@id":"https:\/\/simonegianini.ch\/#organization","name":"Simone Gianini","url":"https:\/\/simonegianini.ch\/","logo":{"@type":"ImageObject","inLanguage":"it-IT","@id":"https:\/\/simonegianini.ch\/#\/schema\/logo\/image\/","url":"https:\/\/simonegianini.ch\/wp-content\/uploads\/2024\/03\/Screenshot-2024-04-13-alle-12.39.43-1.png","contentUrl":"https:\/\/simonegianini.ch\/wp-content\/uploads\/2024\/03\/Screenshot-2024-04-13-alle-12.39.43-1.png","width":1754,"height":980,"caption":"Simone Gianini"},"image":{"@id":"https:\/\/simonegianini.ch\/#\/schema\/logo\/image\/"},"sameAs":["https:\/\/www.facebook.com\/simonegianini.ch","https:\/\/instagram.com\/simonegianini"]}]}},"_links":{"self":[{"href":"https:\/\/simonegianini.ch\/index.php?rest_route=\/wp\/v2\/pages\/506","targetHints":{"allow":["GET"]}}],"collection":[{"href":"https:\/\/simonegianini.ch\/index.php?rest_route=\/wp\/v2\/pages"}],"about":[{"href":"https:\/\/simonegianini.ch\/index.php?rest_route=\/wp\/v2\/types\/page"}],"author":[{"embeddable":true,"href":"https:\/\/simonegianini.ch\/index.php?rest_route=\/wp\/v2\/users\/1"}],"replies":[{"embeddable":true,"href":"https:\/\/simonegianini.ch\/index.php?rest_route=%2Fwp%2Fv2%2Fcomments&post=506"}],"version-history":[{"count":13,"href":"https:\/\/simonegianini.ch\/index.php?rest_route=\/wp\/v2\/pages\/506\/revisions"}],"predecessor-version":[{"id":825,"href":"https:\/\/simonegianini.ch\/index.php?rest_route=\/wp\/v2\/pages\/506\/revisions\/825"}],"up":[{"embeddable":true,"href":"https:\/\/simonegianini.ch\/index.php?rest_route=\/wp\/v2\/pages\/450"}],"wp:featuredmedia":[{"embeddable":true,"href":"https:\/\/simonegianini.ch\/index.php?rest_route=\/wp\/v2\/media\/1109"}],"wp:attachment":[{"href":"https:\/\/simonegianini.ch\/index.php?rest_route=%2Fwp%2Fv2%2Fmedia&parent=506"}],"curies":[{"name":"wp","href":"https:\/\/api.w.org\/{rel}","templated":true}]}}