{"id":487,"date":"2024-04-08T11:29:50","date_gmt":"2024-04-08T09:29:50","guid":{"rendered":"https:\/\/simonegianini.ch\/?page_id=487"},"modified":"2024-04-17T21:26:40","modified_gmt":"2024-04-17T19:26:40","slug":"federali-2015","status":"publish","type":"page","link":"https:\/\/simonegianini.ch\/?page_id=487","title":{"rendered":"Federali 2015"},"content":{"rendered":"\t\t<div data-elementor-type=\"wp-page\" data-elementor-id=\"487\" class=\"elementor elementor-487\">\n\t\t\t\t\t\t<section class=\"elementor-section elementor-top-section elementor-element elementor-element-4a031a9 elementor-section-boxed elementor-section-height-default elementor-section-height-default\" data-id=\"4a031a9\" data-element_type=\"section\" data-e-type=\"section\" data-settings=\"{&quot;background_background&quot;:&quot;classic&quot;}\">\n\t\t\t\t\t\t\t<div class=\"elementor-background-overlay\"><\/div>\n\t\t\t\t\t\t\t<div class=\"elementor-container elementor-column-gap-default\">\n\t\t\t\t\t<div class=\"elementor-column elementor-col-100 elementor-top-column elementor-element elementor-element-30c26dba\" data-id=\"30c26dba\" data-element_type=\"column\" data-e-type=\"column\">\n\t\t\t<div class=\"elementor-widget-wrap elementor-element-populated\">\n\t\t\t\t\t\t<div class=\"elementor-element elementor-element-5b94bb80 elementor-invisible elementor-widget elementor-widget-heading\" data-id=\"5b94bb80\" data-element_type=\"widget\" data-e-type=\"widget\" data-settings=\"{&quot;_animation&quot;:&quot;fadeInUp&quot;,&quot;_animation_delay&quot;:70}\" data-widget_type=\"heading.default\">\n\t\t\t\t<div class=\"elementor-widget-container\">\n\t\t\t\t\t<h2 class=\"elementor-heading-title elementor-size-default\">Elezioni federali del 18 ottobre 2015\n<\/h2>\t\t\t\t<\/div>\n\t\t\t\t<\/div>\n\t\t\t\t\t<\/div>\n\t\t<\/div>\n\t\t\t\t\t<\/div>\n\t\t<\/section>\n\t\t\t\t<section class=\"elementor-section elementor-top-section elementor-element elementor-element-1fee30fc elementor-section-boxed elementor-section-height-default elementor-section-height-default\" data-id=\"1fee30fc\" data-element_type=\"section\" data-e-type=\"section\" data-settings=\"{&quot;background_background&quot;:&quot;classic&quot;}\">\n\t\t\t\t\t\t<div class=\"elementor-container elementor-column-gap-default\">\n\t\t\t\t\t<div class=\"elementor-column elementor-col-100 elementor-top-column elementor-element elementor-element-4093fcf8\" data-id=\"4093fcf8\" data-element_type=\"column\" data-e-type=\"column\">\n\t\t\t<div class=\"elementor-widget-wrap elementor-element-populated\">\n\t\t\t\t\t\t<div class=\"elementor-element elementor-element-1c03101e elementor-widget elementor-widget-image\" data-id=\"1c03101e\" data-element_type=\"widget\" data-e-type=\"widget\" data-widget_type=\"image.default\">\n\t\t\t\t<div class=\"elementor-widget-container\">\n\t\t\t\t\t\t\t\t\t\t\t\t\t\t\t<img fetchpriority=\"high\" decoding=\"async\" width=\"1200\" height=\"572\" src=\"https:\/\/simonegianini.ch\/wp-content\/uploads\/2024\/04\/3.png\" class=\"attachment-full size-full wp-image-457\" alt=\"\" srcset=\"https:\/\/simonegianini.ch\/wp-content\/uploads\/2024\/04\/3.png 1200w, https:\/\/simonegianini.ch\/wp-content\/uploads\/2024\/04\/3-300x143.png 300w, https:\/\/simonegianini.ch\/wp-content\/uploads\/2024\/04\/3-1024x488.png 1024w, https:\/\/simonegianini.ch\/wp-content\/uploads\/2024\/04\/3-768x366.png 768w\" sizes=\"(max-width: 1200px) 100vw, 1200px\" \/>\t\t\t\t\t\t\t\t\t\t\t\t\t\t\t<\/div>\n\t\t\t\t<\/div>\n\t\t\t\t<div class=\"elementor-element elementor-element-8c918f9 elementor-widget elementor-widget-text-editor\" data-id=\"8c918f9\" data-element_type=\"widget\" data-e-type=\"widget\" data-widget_type=\"text-editor.default\">\n\t\t\t\t<div class=\"elementor-widget-container\">\n\t\t\t\t\t\t\t\t\t<p class=\"paragraph_style_7\">Partecipazione all\u2019ultima puntata di \u201cLa mia Svizzera\u201d su<br \/><a href=\"http:\/\/www.rsi.ch\/news\/dossier\/elezioni-federali-2015\/#rsicarousel-scrollable-video-videofancy-5936581\"><u>RSI La1 dell\u201911.10.2015<\/u><\/a><\/p><p class=\"paragraph_style_7\">Intervista \u201ca tu per tu\u201d via web su<br \/><a href=\"http:\/\/www.ticinonews.ch\/video\/a-tu-per-tu\/251907\/al-gottardo-sai-che-entri-ma-non-sai-se-esci\" target=\"_blank\" rel=\"noopener\"><u>Ticinonews.ch del 30.9.2015<\/u><\/a><\/p><p class=\"paragraph_style_7\">Intervista fra il serio della politica e il faceto del coniglio nano dei miei figli su<br \/><a href=\"http:\/\/www.simonegianini.ch\/wp-content\/uploads\/2015\/09\/OL-25.09.2015.pdf\" target=\"_blank\" rel=\"noopener\"><u>Opinione liberale del 25.9.2015<\/u><\/a><\/p><p class=\"paragraph_style_7\">Partecipazione alla trasmissione radiofonica Albachiara su<br \/><a href=\"http:\/\/www.rsi.ch\/news\/dossier\/elezioni-federali-2015\/da-radio-e-tv\/\" target=\"_blank\" rel=\"noopener\"><u>RSI Rete 1\u00a0del 17.9.2015<\/u><\/a><\/p><p class=\"paragraph_style_7\">Partecipazione al dibattito televisivo di\u00a0\u201cPiazza del Corriere\u201d su<br \/><a href=\"http:\/\/www.teleticino.ch\/piazza-del-corriere\/249247\/migranti-cosa-fare\" target=\"_blank\" rel=\"noopener\"><u>Teleticino dell\u20198.9.2015<\/u><\/a><\/p><p class=\"paragraph_style_7\">Conferenza stampa del Distretto PLR di Bellinzona<br \/><a href=\"http:\/\/www.simonegianini.ch\/wp-content\/uploads\/2015\/08\/LaRegione-25.08.2015.pdf\" target=\"_blank\" rel=\"noopener\"><u>La Regione Ticino, 25.8.2015<\/u><\/a><br \/><a href=\"http:\/\/www.simonegianini.ch\/wp-content\/uploads\/2015\/08\/CdT-25.08.2015.pdf\" target=\"_blank\" rel=\"noopener\"><u>Corriere del Ticino, 25.8.2015<\/u><\/a><br \/><a href=\"http:\/\/www.simonegianini.ch\/wp-content\/uploads\/2015\/08\/GdP-25.08.2015.pdf\" target=\"_blank\" rel=\"noopener\"><u>Giornale del Popolo, 25.8.2015<\/u><\/a><br \/><a href=\"http:\/\/www.simonegianini.ch\/wp-content\/uploads\/2015\/09\/OL-29.08.2015.pdf\" target=\"_blank\" rel=\"noopener\"><u>Opinione Liberale, 29.8.2015<\/u><\/a><\/p><p class=\"paragraph_style_7\">Presentazione dei candidati PLRT per le Elezioni federali<br \/><a title=\"http:\/\/www.rsi.ch\/la1\/programmi\/informazione\/il-quotidiano\/Il-Quotidiano-5592382.html\" href=\"http:\/\/www.rsi.ch\/la1\/programmi\/informazione\/il-quotidiano\/Il-Quotidiano-5592382.html\" target=\"_blank\" rel=\"noopener\"><u>Il Quotidiano 30.6.2015<\/u><\/a><\/p><p class=\"paragraph_style_7\">L\u2019avventura incomincia\u2026<br \/>Discorso di presentazione al Comitato cantonale PLRT del 30.6.2015<\/p><p><p class=\"responsive-video-wrap clr\"><iframe title=\"Discorso di Simone Gianini, candidato al Consiglio Nazionale.\" width=\"1200\" height=\"900\" src=\"https:\/\/www.youtube.com\/embed\/MusYgZdEwo4?feature=oembed\" frameborder=\"0\" allow=\"accelerometer; autoplay; clipboard-write; encrypted-media; gyroscope; picture-in-picture; web-share\" referrerpolicy=\"strict-origin-when-cross-origin\" allowfullscreen><\/iframe><\/p><\/p>\t\t\t\t\t\t\t\t<\/div>\n\t\t\t\t<\/div>\n\t\t\t\t<div class=\"elementor-element elementor-element-2025e010 elementor-widget elementor-widget-heading\" data-id=\"2025e010\" data-element_type=\"widget\" data-e-type=\"widget\" data-widget_type=\"heading.default\">\n\t\t\t\t<div class=\"elementor-widget-container\">\n\t\t\t\t\t<h4 class=\"elementor-heading-title elementor-size-default\">Come la penso<\/h4>\t\t\t\t<\/div>\n\t\t\t\t<\/div>\n\t\t\t\t<div class=\"elementor-element elementor-element-ff72044 elementor-widget elementor-widget-toggle\" data-id=\"ff72044\" data-element_type=\"widget\" data-e-type=\"widget\" data-widget_type=\"toggle.default\">\n\t\t\t\t<div class=\"elementor-widget-container\">\n\t\t\t\t\t\t\t<div class=\"elementor-toggle\">\n\t\t\t\t\t\t\t<div class=\"elementor-toggle-item\">\n\t\t\t\t\t<div id=\"elementor-tab-title-2671\" class=\"elementor-tab-title\" data-tab=\"1\" role=\"button\" aria-controls=\"elementor-tab-content-2671\" aria-expanded=\"false\">\n\t\t\t\t\t\t\t\t\t\t\t\t<span class=\"elementor-toggle-icon elementor-toggle-icon-left\" aria-hidden=\"true\">\n\t\t\t\t\t\t\t\t\t\t\t\t\t\t\t<span class=\"elementor-toggle-icon-closed\"><svg class=\"e-font-icon-svg e-fas-caret-right\" viewBox=\"0 0 192 512\" xmlns=\"http:\/\/www.w3.org\/2000\/svg\"><path d=\"M0 384.662V127.338c0-17.818 21.543-26.741 34.142-14.142l128.662 128.662c7.81 7.81 7.81 20.474 0 28.284L34.142 398.804C21.543 411.404 0 402.48 0 384.662z\"><\/path><\/svg><\/span>\n\t\t\t\t\t\t\t\t<span class=\"elementor-toggle-icon-opened\"><svg class=\"elementor-toggle-icon-opened e-font-icon-svg e-fas-caret-up\" viewBox=\"0 0 320 512\" xmlns=\"http:\/\/www.w3.org\/2000\/svg\"><path d=\"M288.662 352H31.338c-17.818 0-26.741-21.543-14.142-34.142l128.662-128.662c7.81-7.81 20.474-7.81 28.284 0l128.662 128.662c12.6 12.599 3.676 34.142-14.142 34.142z\"><\/path><\/svg><\/span>\n\t\t\t\t\t\t\t\t\t\t\t\t\t<\/span>\n\t\t\t\t\t\t\t\t\t\t\t\t<a class=\"elementor-toggle-title\" tabindex=\"0\">Mercato del lavoro<\/a>\n\t\t\t\t\t<\/div>\n\n\t\t\t\t\t<div id=\"elementor-tab-content-2671\" class=\"elementor-tab-content elementor-clearfix\" data-tab=\"1\" role=\"region\" aria-labelledby=\"elementor-tab-title-2671\"><p>Il mercato del lavoro svizzero va sostenuto con adeguate misure interne che impediscano il dumping salariale e promuovano il lavoro indigeno nell\u2019ambito del margine di manovra lasciato dai trattati internazionali. Il partenariato (dialogo) sociale va maggiormente promosso dallo Stato, lasciando poi per\u00f2 alle parti sociali (padronato,\u00a0sindacati, datori\u00a0di lavoro e lavoratori)\u00a0di trovare i migliori accordi (in particolare tramite contratti collettivi di lavoro) per raggiungere quegli obiettivi.<\/p><p>La nostra economia nazionale necessita anche di lavoratori stranieri, i quali devono tuttavia avere delle condizioni, ad esempio di prelievo fiscale, paragonabili a quelle dei lavoratori indigeni, affinch\u00e9 non vi sia un incentivo alla sostituzione del personale locale con quello straniero, nefasta per il radicamento delle imprese e per il tasso di occupazione interno.<\/p><\/div>\n\t\t\t\t<\/div>\n\t\t\t\t\t\t\t<div class=\"elementor-toggle-item\">\n\t\t\t\t\t<div id=\"elementor-tab-title-2672\" class=\"elementor-tab-title\" data-tab=\"2\" role=\"button\" aria-controls=\"elementor-tab-content-2672\" aria-expanded=\"false\">\n\t\t\t\t\t\t\t\t\t\t\t\t<span class=\"elementor-toggle-icon elementor-toggle-icon-left\" aria-hidden=\"true\">\n\t\t\t\t\t\t\t\t\t\t\t\t\t\t\t<span class=\"elementor-toggle-icon-closed\"><svg class=\"e-font-icon-svg e-fas-caret-right\" viewBox=\"0 0 192 512\" xmlns=\"http:\/\/www.w3.org\/2000\/svg\"><path d=\"M0 384.662V127.338c0-17.818 21.543-26.741 34.142-14.142l128.662 128.662c7.81 7.81 7.81 20.474 0 28.284L34.142 398.804C21.543 411.404 0 402.48 0 384.662z\"><\/path><\/svg><\/span>\n\t\t\t\t\t\t\t\t<span class=\"elementor-toggle-icon-opened\"><svg class=\"elementor-toggle-icon-opened e-font-icon-svg e-fas-caret-up\" viewBox=\"0 0 320 512\" xmlns=\"http:\/\/www.w3.org\/2000\/svg\"><path d=\"M288.662 352H31.338c-17.818 0-26.741-21.543-14.142-34.142l128.662-128.662c7.81-7.81 20.474-7.81 28.284 0l128.662 128.662c12.6 12.599 3.676 34.142-14.142 34.142z\"><\/path><\/svg><\/span>\n\t\t\t\t\t\t\t\t\t\t\t\t\t<\/span>\n\t\t\t\t\t\t\t\t\t\t\t\t<a class=\"elementor-toggle-title\" tabindex=\"0\">Formazione e ricerca<\/a>\n\t\t\t\t\t<\/div>\n\n\t\t\t\t\t<div id=\"elementor-tab-content-2672\" class=\"elementor-tab-content elementor-clearfix\" data-tab=\"2\" role=\"region\" aria-labelledby=\"elementor-tab-title-2672\"><p>Il modello vincente\u00a0svizzero della formazione professionale duale e quello della permeabilit\u00e0 fra mondo professionale e mondo accademico vanno incentivati. Assieme a un buon sistema di borse di studio essi sono tra i pilastri che permettono delle pari possibilit\u00e0 di partenza, alla base della responsabilit\u00e0 individuale.<\/p><p>La formazione di base che non porti necessariamente a studi accademici, ma a un diploma professionale, deve essere incentivata maggiormente. Da un lato, per valorizzare ogni tipo di formazione e, dall\u2019altro, per promuovere l\u2019occupazione indigena in tutte le attivit\u00e0 lavorative, a beneficio del tasso di occupazione interno e del radicamento delle aziende presenti sul territorio.<\/p><p>Nell\u2019ambito della ricerca \u2013\u00a0in questo caso accademica e post-accademica \u2013\u00a0la Svizzera deve continuare a collaborare (e godere della collaborazione) con altri Stati, favorendo gli scambi (che siano per\u00f2 reciproci) di ricercatori e studiosi, a cui fa capo anche il nostro sistema economico, con molte aziende di punta presenti nel nostro Paese.<\/p><\/div>\n\t\t\t\t<\/div>\n\t\t\t\t\t\t\t<div class=\"elementor-toggle-item\">\n\t\t\t\t\t<div id=\"elementor-tab-title-2673\" class=\"elementor-tab-title\" data-tab=\"3\" role=\"button\" aria-controls=\"elementor-tab-content-2673\" aria-expanded=\"false\">\n\t\t\t\t\t\t\t\t\t\t\t\t<span class=\"elementor-toggle-icon elementor-toggle-icon-left\" aria-hidden=\"true\">\n\t\t\t\t\t\t\t\t\t\t\t\t\t\t\t<span class=\"elementor-toggle-icon-closed\"><svg class=\"e-font-icon-svg e-fas-caret-right\" viewBox=\"0 0 192 512\" xmlns=\"http:\/\/www.w3.org\/2000\/svg\"><path d=\"M0 384.662V127.338c0-17.818 21.543-26.741 34.142-14.142l128.662 128.662c7.81 7.81 7.81 20.474 0 28.284L34.142 398.804C21.543 411.404 0 402.48 0 384.662z\"><\/path><\/svg><\/span>\n\t\t\t\t\t\t\t\t<span class=\"elementor-toggle-icon-opened\"><svg class=\"elementor-toggle-icon-opened e-font-icon-svg e-fas-caret-up\" viewBox=\"0 0 320 512\" xmlns=\"http:\/\/www.w3.org\/2000\/svg\"><path d=\"M288.662 352H31.338c-17.818 0-26.741-21.543-14.142-34.142l128.662-128.662c7.81-7.81 20.474-7.81 28.284 0l128.662 128.662c12.6 12.599 3.676 34.142-14.142 34.142z\"><\/path><\/svg><\/span>\n\t\t\t\t\t\t\t\t\t\t\t\t\t<\/span>\n\t\t\t\t\t\t\t\t\t\t\t\t<a class=\"elementor-toggle-title\" tabindex=\"0\">Politica dei trasporti<\/a>\n\t\t\t\t\t<\/div>\n\n\t\t\t\t\t<div id=\"elementor-tab-content-2673\" class=\"elementor-tab-content elementor-clearfix\" data-tab=\"3\" role=\"region\" aria-labelledby=\"elementor-tab-title-2673\"><p>Postulo una politica dei trasporti intermodale, che favorisca gli interscambi e la pari dignit\u00e0 tra i diversi mezzi di trasporto e tragga, rispettivamente metta a disposizione le risorse finanziarie necessarie per averli tutti il pi\u00f9 possibile all\u2019avanguardia. Questo vale sia per la rete stradale nazionale, sia per quella ferroviaria che per gli altri sistemi di trasporto pubblico e privato,\u00a0i quali\u00a0devono concorrere per creare le migliori condizioni quadro possibili, fra cui vi\u00a0\u00e8\u00a0la libert\u00e0 di movimento,\u00a0determinanti per il successo di un sistema economico.<\/p><p>In questo senso, sono ad esempio necessari sia il nuovo tunnel di risanamento del San Gottardo, sia il completamento di Alptransit con la circonvallazione della regione del Bellinzonese, di quella del Gambarogno e a sud di Lugano. Ci\u00f2, non solo per garantire la capacit\u00e0 sufficiente per l\u2019auspicato sviluppo del traffico ferroviario regionale, ma anche per togliere il pi\u00f9 possibile dai nostri abitati i convogli merci, non di rado carichi di sostanze pericolose, per\u00a0i quali\u00a0la legislazione federale in materia, i controlli e le misure di pronto intervento devono garantire agli abitanti il minor grado di rischio possibile.<\/p><\/div>\n\t\t\t\t<\/div>\n\t\t\t\t\t\t\t<div class=\"elementor-toggle-item\">\n\t\t\t\t\t<div id=\"elementor-tab-title-2674\" class=\"elementor-tab-title\" data-tab=\"4\" role=\"button\" aria-controls=\"elementor-tab-content-2674\" aria-expanded=\"false\">\n\t\t\t\t\t\t\t\t\t\t\t\t<span class=\"elementor-toggle-icon elementor-toggle-icon-left\" aria-hidden=\"true\">\n\t\t\t\t\t\t\t\t\t\t\t\t\t\t\t<span class=\"elementor-toggle-icon-closed\"><svg class=\"e-font-icon-svg e-fas-caret-right\" viewBox=\"0 0 192 512\" xmlns=\"http:\/\/www.w3.org\/2000\/svg\"><path d=\"M0 384.662V127.338c0-17.818 21.543-26.741 34.142-14.142l128.662 128.662c7.81 7.81 7.81 20.474 0 28.284L34.142 398.804C21.543 411.404 0 402.48 0 384.662z\"><\/path><\/svg><\/span>\n\t\t\t\t\t\t\t\t<span class=\"elementor-toggle-icon-opened\"><svg class=\"elementor-toggle-icon-opened e-font-icon-svg e-fas-caret-up\" viewBox=\"0 0 320 512\" xmlns=\"http:\/\/www.w3.org\/2000\/svg\"><path d=\"M288.662 352H31.338c-17.818 0-26.741-21.543-14.142-34.142l128.662-128.662c7.81-7.81 20.474-7.81 28.284 0l128.662 128.662c12.6 12.599 3.676 34.142-14.142 34.142z\"><\/path><\/svg><\/span>\n\t\t\t\t\t\t\t\t\t\t\t\t\t<\/span>\n\t\t\t\t\t\t\t\t\t\t\t\t<a class=\"elementor-toggle-title\" tabindex=\"0\">Finanze pubbliche e fiscalit\u00e0<\/a>\n\t\t\t\t\t<\/div>\n\n\t\t\t\t\t<div id=\"elementor-tab-content-2674\" class=\"elementor-tab-content elementor-clearfix\" data-tab=\"4\" role=\"region\" aria-labelledby=\"elementor-tab-title-2674\"><p>L\u2019unica via per garantire crescita e benessere duraturi \u00e8 quella di avere delle finanze in equilibrio. La politica dell\u2019indebitamento, oltre che pesare sulle future generazioni, non porta da nessuna parte, come lo dimostrano i recenti casi di nazioni ben pi\u00f9 grandi della nostra. Cos\u00ec come le nostre economie famigliari, anche lo Stato deve compiere il passo secondo la gamba, non rinunciando alla progettualit\u00e0 (che anzi \u00e8 propulsore di progresso e benessere economico), ma creando le premesse affinch\u00e9 gli investimenti e la gestione corrente siano sostenibili. Con costi sotto controllo e finanze sane si pu\u00f2 poi pensare di intervenire sulla pressione fiscale, la quale deve rimanere entro termini ragionevoli e non penalizzanti per chi in Svizzera vive, lavora o produce.<\/p><\/div>\n\t\t\t\t<\/div>\n\t\t\t\t\t\t\t<div class=\"elementor-toggle-item\">\n\t\t\t\t\t<div id=\"elementor-tab-title-2675\" class=\"elementor-tab-title\" data-tab=\"5\" role=\"button\" aria-controls=\"elementor-tab-content-2675\" aria-expanded=\"false\">\n\t\t\t\t\t\t\t\t\t\t\t\t<span class=\"elementor-toggle-icon elementor-toggle-icon-left\" aria-hidden=\"true\">\n\t\t\t\t\t\t\t\t\t\t\t\t\t\t\t<span class=\"elementor-toggle-icon-closed\"><svg class=\"e-font-icon-svg e-fas-caret-right\" viewBox=\"0 0 192 512\" xmlns=\"http:\/\/www.w3.org\/2000\/svg\"><path d=\"M0 384.662V127.338c0-17.818 21.543-26.741 34.142-14.142l128.662 128.662c7.81 7.81 7.81 20.474 0 28.284L34.142 398.804C21.543 411.404 0 402.48 0 384.662z\"><\/path><\/svg><\/span>\n\t\t\t\t\t\t\t\t<span class=\"elementor-toggle-icon-opened\"><svg class=\"elementor-toggle-icon-opened e-font-icon-svg e-fas-caret-up\" viewBox=\"0 0 320 512\" xmlns=\"http:\/\/www.w3.org\/2000\/svg\"><path d=\"M288.662 352H31.338c-17.818 0-26.741-21.543-14.142-34.142l128.662-128.662c7.81-7.81 20.474-7.81 28.284 0l128.662 128.662c12.6 12.599 3.676 34.142-14.142 34.142z\"><\/path><\/svg><\/span>\n\t\t\t\t\t\t\t\t\t\t\t\t\t<\/span>\n\t\t\t\t\t\t\t\t\t\t\t\t<a class=\"elementor-toggle-title\" tabindex=\"0\">Politica di sicurezza<\/a>\n\t\t\t\t\t<\/div>\n\n\t\t\t\t\t<div id=\"elementor-tab-content-2675\" class=\"elementor-tab-content elementor-clearfix\" data-tab=\"5\" role=\"region\" aria-labelledby=\"elementor-tab-title-2675\"><p>Lo Stato deve garantire la necessaria sicurezza dei propri cittadini. Per farlo necessita di mezzi adeguati, commisurati ai rischi potenziali, di cui il nostro Paese non \u00e8 e non sar\u00e0 mai immune. La Svizzera ha saputo trovare un giusto equilibrio tra sicurezza e libert\u00e0 individuale, senza eccessi come invece vi sono in altre nazioni. Lo Stato deve per\u00f2 mettere a disposizione delle forze dell\u2019ordine, del sistema giudiziario e dell\u2019Esercito, quale nostra necessaria polizza assicurativa per casi estremi (come le catastrofi naturali, il terrorismo e altre minacce maggiori), le risorse sufficienti per agire in modo preventivo e, quando necessario, repressivo, a garanzia della sicurezza interna, dello Stato di diritto e della neutralit\u00e0 del nostro Paese.<\/p><\/div>\n\t\t\t\t<\/div>\n\t\t\t\t\t\t\t<div class=\"elementor-toggle-item\">\n\t\t\t\t\t<div id=\"elementor-tab-title-2676\" class=\"elementor-tab-title\" data-tab=\"6\" role=\"button\" aria-controls=\"elementor-tab-content-2676\" aria-expanded=\"false\">\n\t\t\t\t\t\t\t\t\t\t\t\t<span class=\"elementor-toggle-icon elementor-toggle-icon-left\" aria-hidden=\"true\">\n\t\t\t\t\t\t\t\t\t\t\t\t\t\t\t<span class=\"elementor-toggle-icon-closed\"><svg class=\"e-font-icon-svg e-fas-caret-right\" viewBox=\"0 0 192 512\" xmlns=\"http:\/\/www.w3.org\/2000\/svg\"><path d=\"M0 384.662V127.338c0-17.818 21.543-26.741 34.142-14.142l128.662 128.662c7.81 7.81 7.81 20.474 0 28.284L34.142 398.804C21.543 411.404 0 402.48 0 384.662z\"><\/path><\/svg><\/span>\n\t\t\t\t\t\t\t\t<span class=\"elementor-toggle-icon-opened\"><svg class=\"elementor-toggle-icon-opened e-font-icon-svg e-fas-caret-up\" viewBox=\"0 0 320 512\" xmlns=\"http:\/\/www.w3.org\/2000\/svg\"><path d=\"M288.662 352H31.338c-17.818 0-26.741-21.543-14.142-34.142l128.662-128.662c7.81-7.81 20.474-7.81 28.284 0l128.662 128.662c12.6 12.599 3.676 34.142-14.142 34.142z\"><\/path><\/svg><\/span>\n\t\t\t\t\t\t\t\t\t\t\t\t\t<\/span>\n\t\t\t\t\t\t\t\t\t\t\t\t<a class=\"elementor-toggle-title\" tabindex=\"0\">Politica estera<\/a>\n\t\t\t\t\t<\/div>\n\n\t\t\t\t\t<div id=\"elementor-tab-content-2676\" class=\"elementor-tab-content elementor-clearfix\" data-tab=\"6\" role=\"region\" aria-labelledby=\"elementor-tab-title-2676\"><p>La Svizzera ha una tradizione umanitaria e di apertura che va salvaguardata. Non \u00e8 richiudendosi su noi stessi che si migliora il benessere e si gettano le basi per creare prosperit\u00e0 economica e sociale. I rapporti con l\u2019estero, e in particolare con l\u2019Unione Europea, vanno per\u00f2 regolati in modo che sia garantita anche di fatto\u00a0la reciprocit\u00e0 e salvaguardati i nostri interessi nazionali. Nonostante lo stallo creato dalla votazione del 9 febbraio 2014, che deve essere applicata mediante l\u2019elaborazione di una legge di applicazione come voluta dalla maggioranza della popolazione, la via bilaterale deve essere salvaguardata e, laddove necessario, corretta con misure fiancheggiatrici interne che riconoscano le peculiarit\u00e0 di un Cantone di frontiera come il Ticino. Oltre ai rapporti con l\u2019UE (nostro principale partner per importazioni ed esportazioni), vanno sviluppate le relazioni, in particolare commerciali, con altri Paesi come le grandi economie emergenti di Brasile, Russia, India, Cina e\u00a0Sud Africa (BRICS).<\/p><\/div>\n\t\t\t\t<\/div>\n\t\t\t\t\t\t\t<div class=\"elementor-toggle-item\">\n\t\t\t\t\t<div id=\"elementor-tab-title-2677\" class=\"elementor-tab-title\" data-tab=\"7\" role=\"button\" aria-controls=\"elementor-tab-content-2677\" aria-expanded=\"false\">\n\t\t\t\t\t\t\t\t\t\t\t\t<span class=\"elementor-toggle-icon elementor-toggle-icon-left\" aria-hidden=\"true\">\n\t\t\t\t\t\t\t\t\t\t\t\t\t\t\t<span class=\"elementor-toggle-icon-closed\"><svg class=\"e-font-icon-svg e-fas-caret-right\" viewBox=\"0 0 192 512\" xmlns=\"http:\/\/www.w3.org\/2000\/svg\"><path d=\"M0 384.662V127.338c0-17.818 21.543-26.741 34.142-14.142l128.662 128.662c7.81 7.81 7.81 20.474 0 28.284L34.142 398.804C21.543 411.404 0 402.48 0 384.662z\"><\/path><\/svg><\/span>\n\t\t\t\t\t\t\t\t<span class=\"elementor-toggle-icon-opened\"><svg class=\"elementor-toggle-icon-opened e-font-icon-svg e-fas-caret-up\" viewBox=\"0 0 320 512\" xmlns=\"http:\/\/www.w3.org\/2000\/svg\"><path d=\"M288.662 352H31.338c-17.818 0-26.741-21.543-14.142-34.142l128.662-128.662c7.81-7.81 20.474-7.81 28.284 0l128.662 128.662c12.6 12.599 3.676 34.142-14.142 34.142z\"><\/path><\/svg><\/span>\n\t\t\t\t\t\t\t\t\t\t\t\t\t<\/span>\n\t\t\t\t\t\t\t\t\t\t\t\t<a class=\"elementor-toggle-title\" tabindex=\"0\">Politica d\u2019asilo e stranieri<\/a>\n\t\t\t\t\t<\/div>\n\n\t\t\t\t\t<div id=\"elementor-tab-content-2677\" class=\"elementor-tab-content elementor-clearfix\" data-tab=\"7\" role=\"region\" aria-labelledby=\"elementor-tab-title-2677\"><div class=\"toggle-box\"><div class=\"toggle-section\"><p>Le persone perseguitate devono essere sostenute e poter beneficiare della nostra ospitalit\u00e0. Il diritto all\u2019asilo deve per\u00f2 essere chiaro e permettere decisioni pi\u00f9 rapide, distinguendo tra\u00a0chi fugge dal proprio Paese perch\u00e9 perseguitato, da chi emigra per ragioni economiche. L\u2019immigrazione non \u00e8 per\u00f2 un problema che pu\u00f2 essere risolto dalla sola Svizzera. Anche in questo caso vanno trovate regole e strategie condivise a livello almeno\u00a0europeo per poter gestire equamente\u00a0i flussi migratori.<\/p><\/div><\/div><div class=\"toggle-box\">\u00a0<\/div><\/div>\n\t\t\t\t<\/div>\n\t\t\t\t\t\t\t<div class=\"elementor-toggle-item\">\n\t\t\t\t\t<div id=\"elementor-tab-title-2678\" class=\"elementor-tab-title\" data-tab=\"8\" role=\"button\" aria-controls=\"elementor-tab-content-2678\" aria-expanded=\"false\">\n\t\t\t\t\t\t\t\t\t\t\t\t<span class=\"elementor-toggle-icon elementor-toggle-icon-left\" aria-hidden=\"true\">\n\t\t\t\t\t\t\t\t\t\t\t\t\t\t\t<span class=\"elementor-toggle-icon-closed\"><svg class=\"e-font-icon-svg e-fas-caret-right\" viewBox=\"0 0 192 512\" xmlns=\"http:\/\/www.w3.org\/2000\/svg\"><path d=\"M0 384.662V127.338c0-17.818 21.543-26.741 34.142-14.142l128.662 128.662c7.81 7.81 7.81 20.474 0 28.284L34.142 398.804C21.543 411.404 0 402.48 0 384.662z\"><\/path><\/svg><\/span>\n\t\t\t\t\t\t\t\t<span class=\"elementor-toggle-icon-opened\"><svg class=\"elementor-toggle-icon-opened e-font-icon-svg e-fas-caret-up\" viewBox=\"0 0 320 512\" xmlns=\"http:\/\/www.w3.org\/2000\/svg\"><path d=\"M288.662 352H31.338c-17.818 0-26.741-21.543-14.142-34.142l128.662-128.662c7.81-7.81 20.474-7.81 28.284 0l128.662 128.662c12.6 12.599 3.676 34.142-14.142 34.142z\"><\/path><\/svg><\/span>\n\t\t\t\t\t\t\t\t\t\t\t\t\t<\/span>\n\t\t\t\t\t\t\t\t\t\t\t\t<a class=\"elementor-toggle-title\" tabindex=\"0\">Socialit\u00e0 e sanit\u00e0<\/a>\n\t\t\t\t\t<\/div>\n\n\t\t\t\t\t<div id=\"elementor-tab-content-2678\" class=\"elementor-tab-content elementor-clearfix\" data-tab=\"8\" role=\"region\" aria-labelledby=\"elementor-tab-title-2678\"><div class=\"toggle-box\"><div class=\"toggle-section\"><p>Da liberale radicale credo nel valore della responsabilit\u00e0 individuale e sono contrario all\u2019assistenzialismo statale. In un Paese che si vuole civile l\u2019aiuto sociale \u00e8 tuttavia necessario e va adeguatamente previsto, in modo da essere mirato a favore di chi ne ha davvero bisogno. Gli aiuti ad innaffiatoio sono costosi e dannosi, creando un circolo vizioso che non incentiva ad uscire da una situazione di difficolt\u00e0. Una politica sociale moderna deve basarsi sul principio dell\u2019intervento dello Stato solo se necessario (sussidiariet\u00e0) e avere modalit\u00e0 operative chiare, snelle e controllabili, con adeguate sanzioni in caso di abuso.<\/p><\/div><\/div><\/div>\n\t\t\t\t<\/div>\n\t\t\t\t\t\t\t<div class=\"elementor-toggle-item\">\n\t\t\t\t\t<div id=\"elementor-tab-title-2679\" class=\"elementor-tab-title\" data-tab=\"9\" role=\"button\" aria-controls=\"elementor-tab-content-2679\" aria-expanded=\"false\">\n\t\t\t\t\t\t\t\t\t\t\t\t<span class=\"elementor-toggle-icon elementor-toggle-icon-left\" aria-hidden=\"true\">\n\t\t\t\t\t\t\t\t\t\t\t\t\t\t\t<span class=\"elementor-toggle-icon-closed\"><svg class=\"e-font-icon-svg e-fas-caret-right\" viewBox=\"0 0 192 512\" xmlns=\"http:\/\/www.w3.org\/2000\/svg\"><path d=\"M0 384.662V127.338c0-17.818 21.543-26.741 34.142-14.142l128.662 128.662c7.81 7.81 7.81 20.474 0 28.284L34.142 398.804C21.543 411.404 0 402.48 0 384.662z\"><\/path><\/svg><\/span>\n\t\t\t\t\t\t\t\t<span class=\"elementor-toggle-icon-opened\"><svg class=\"elementor-toggle-icon-opened e-font-icon-svg e-fas-caret-up\" viewBox=\"0 0 320 512\" xmlns=\"http:\/\/www.w3.org\/2000\/svg\"><path d=\"M288.662 352H31.338c-17.818 0-26.741-21.543-14.142-34.142l128.662-128.662c7.81-7.81 20.474-7.81 28.284 0l128.662 128.662c12.6 12.599 3.676 34.142-14.142 34.142z\"><\/path><\/svg><\/span>\n\t\t\t\t\t\t\t\t\t\t\t\t\t<\/span>\n\t\t\t\t\t\t\t\t\t\t\t\t<a class=\"elementor-toggle-title\" tabindex=\"0\">Famiglia e societ\u00e0<\/a>\n\t\t\t\t\t<\/div>\n\n\t\t\t\t\t<div id=\"elementor-tab-content-2679\" class=\"elementor-tab-content elementor-clearfix\" data-tab=\"9\" role=\"region\" aria-labelledby=\"elementor-tab-title-2679\"><div class=\"toggle-box\"><div class=\"toggle-section\"><div class=\"toggle-box\"><div class=\"toggle-section\"><p>La famiglia \u00e8 il perno della nostra societ\u00e0. Lo Stato deve perci\u00f2 creare le condizioni quadro per aiutare le famiglie. Ad esempio vanno rafforzate le soluzioni per permettere di conciliare la cura dei figli e l\u2019attivit\u00e0 professionale. Occorre migliorare gli strumenti gi\u00e0 oggi presenti ed agire in particolare attraverso la leva fiscale. Accanto alla famiglia tradizionale, la cui codificazione va mantenuta, vi sono altri tipi di famiglia e di relazioni. Uno Stato liberale non deve discriminare i propri cittadini in base alle proprie scelte personali, cos\u00ec come mantenere uno sguardo neutro sui temi etici, garantendo le libert\u00e0 individuali di tutti i cittadini e intervenendo unicamente laddove la salvaguardia dei diritti fondamentali lo rende necessario.<\/p><\/div><\/div><\/div><\/div><\/div>\n\t\t\t\t<\/div>\n\t\t\t\t\t\t\t\t<\/div>\n\t\t\t\t\t\t<\/div>\n\t\t\t\t<\/div>\n\t\t\t\t\t<\/div>\n\t\t<\/div>\n\t\t\t\t\t<\/div>\n\t\t<\/section>\n\t\t\t\t<\/div>\n\t\t","protected":false},"excerpt":{"rendered":"<p>Elezioni federali del 18 ottobre 2015 Partecipazione all\u2019ultima puntata di \u201cLa mia Svizzera\u201d suRSI La1 dell\u201911.10.2015 Intervista \u201ca tu per tu\u201d via web suTicinonews.ch del 30.9.2015 Intervista fra il serio della politica e il faceto del coniglio nano dei miei figli suOpinione liberale del 25.9.2015 Partecipazione alla trasmissione radiofonica Albachiara suRSI Rete 1\u00a0del 17.9.2015 Partecipazione [&hellip;]<\/p>\n","protected":false},"author":1,"featured_media":1109,"parent":450,"menu_order":0,"comment_status":"closed","ping_status":"closed","template":"","meta":{"ocean_post_layout":"full-screen","ocean_both_sidebars_style":"","ocean_both_sidebars_content_width":0,"ocean_both_sidebars_sidebars_width":0,"ocean_sidebar":"","ocean_second_sidebar":"","ocean_disable_margins":"enable","ocean_add_body_class":"","ocean_shortcode_before_top_bar":"","ocean_shortcode_after_top_bar":"","ocean_shortcode_before_header":"","ocean_shortcode_after_header":"","ocean_has_shortcode":"","ocean_shortcode_after_title":"","ocean_shortcode_before_footer_widgets":"","ocean_shortcode_after_footer_widgets":"","ocean_shortcode_before_footer_bottom":"","ocean_shortcode_after_footer_bottom":"","ocean_display_top_bar":"default","ocean_display_header":"on","ocean_header_style":"custom","ocean_center_header_left_menu":"","ocean_custom_header_template":"9","ocean_custom_logo":0,"ocean_custom_retina_logo":0,"ocean_custom_logo_max_width":0,"ocean_custom_logo_tablet_max_width":0,"ocean_custom_logo_mobile_max_width":0,"ocean_custom_logo_max_height":0,"ocean_custom_logo_tablet_max_height":0,"ocean_custom_logo_mobile_max_height":0,"ocean_header_custom_menu":"","ocean_menu_typo_font_family":"","ocean_menu_typo_font_subset":"","ocean_menu_typo_font_size":0,"ocean_menu_typo_font_size_tablet":0,"ocean_menu_typo_font_size_mobile":0,"ocean_menu_typo_font_size_unit":"px","ocean_menu_typo_font_weight":"","ocean_menu_typo_font_weight_tablet":"","ocean_menu_typo_font_weight_mobile":"","ocean_menu_typo_transform":"","ocean_menu_typo_transform_tablet":"","ocean_menu_typo_transform_mobile":"","ocean_menu_typo_line_height":0,"ocean_menu_typo_line_height_tablet":0,"ocean_menu_typo_line_height_mobile":0,"ocean_menu_typo_line_height_unit":"","ocean_menu_typo_spacing":0,"ocean_menu_typo_spacing_tablet":0,"ocean_menu_typo_spacing_mobile":0,"ocean_menu_typo_spacing_unit":"","ocean_menu_link_color":"","ocean_menu_link_color_hover":"","ocean_menu_link_color_active":"","ocean_menu_link_background":"","ocean_menu_link_hover_background":"","ocean_menu_link_active_background":"","ocean_menu_social_links_bg":"","ocean_menu_social_hover_links_bg":"","ocean_menu_social_links_color":"","ocean_menu_social_hover_links_color":"","ocean_disable_title":"on","ocean_disable_heading":"default","ocean_post_title":"","ocean_post_subheading":"","ocean_post_title_style":"","ocean_post_title_background_color":"","ocean_post_title_background":0,"ocean_post_title_bg_image_position":"","ocean_post_title_bg_image_attachment":"","ocean_post_title_bg_image_repeat":"","ocean_post_title_bg_image_size":"","ocean_post_title_height":0,"ocean_post_title_bg_overlay":0.5,"ocean_post_title_bg_overlay_color":"","ocean_disable_breadcrumbs":"default","ocean_breadcrumbs_color":"","ocean_breadcrumbs_separator_color":"","ocean_breadcrumbs_links_color":"","ocean_breadcrumbs_links_hover_color":"","ocean_display_footer_widgets":"on","ocean_display_footer_bottom":"off","ocean_custom_footer_template":"10","footnotes":""},"class_list":["post-487","page","type-page","status-publish","has-post-thumbnail","hentry","entry","has-media"],"yoast_head":"<!-- This site is optimized with the Yoast SEO plugin v27.4 - https:\/\/yoast.com\/product\/yoast-seo-wordpress\/ -->\n<title>Federali 2015 - Simone Gianini<\/title>\n<meta name=\"description\" content=\"Simone Gianini, avvocato e notaio, in Consiglio nazionale, un punto di congiunzione tra Berna e il Ticino, tra la politica comunale, cantonale e federale.\" \/>\n<meta name=\"robots\" content=\"index, follow, max-snippet:-1, max-image-preview:large, max-video-preview:-1\" \/>\n<link rel=\"canonical\" href=\"https:\/\/simonegianini.ch\/?page_id=487\" \/>\n<meta property=\"og:locale\" content=\"it_IT\" \/>\n<meta property=\"og:type\" content=\"article\" \/>\n<meta property=\"og:title\" content=\"Federali 2015 - Simone Gianini\" \/>\n<meta property=\"og:description\" content=\"Simone Gianini, avvocato e notaio, in Consiglio nazionale, un punto di congiunzione tra Berna e il Ticino, tra la politica comunale, cantonale e federale.\" \/>\n<meta property=\"og:url\" content=\"https:\/\/simonegianini.ch\/?page_id=487\" \/>\n<meta property=\"og:site_name\" content=\"Simone Gianini\" \/>\n<meta property=\"article:publisher\" content=\"https:\/\/www.facebook.com\/simonegianini.ch\" \/>\n<meta property=\"article:modified_time\" content=\"2024-04-17T19:26:40+00:00\" \/>\n<meta property=\"og:image\" content=\"https:\/\/simonegianini.ch\/wp-content\/uploads\/2024\/04\/cropped-Favicon-per-siti-3.png\" \/>\n\t<meta property=\"og:image:width\" content=\"512\" \/>\n\t<meta property=\"og:image:height\" content=\"512\" \/>\n\t<meta property=\"og:image:type\" content=\"image\/png\" \/>\n<meta name=\"twitter:card\" content=\"summary_large_image\" \/>\n<meta name=\"twitter:label1\" content=\"Tempo di lettura stimato\" \/>\n\t<meta name=\"twitter:data1\" content=\"7 minuti\" \/>\n<script type=\"application\/ld+json\" class=\"yoast-schema-graph\">{\"@context\":\"https:\\\/\\\/schema.org\",\"@graph\":[{\"@type\":\"WebPage\",\"@id\":\"https:\\\/\\\/simonegianini.ch\\\/?page_id=487\",\"url\":\"https:\\\/\\\/simonegianini.ch\\\/?page_id=487\",\"name\":\"Federali 2015 - Simone Gianini\",\"isPartOf\":{\"@id\":\"https:\\\/\\\/simonegianini.ch\\\/#website\"},\"primaryImageOfPage\":{\"@id\":\"https:\\\/\\\/simonegianini.ch\\\/?page_id=487#primaryimage\"},\"image\":{\"@id\":\"https:\\\/\\\/simonegianini.ch\\\/?page_id=487#primaryimage\"},\"thumbnailUrl\":\"https:\\\/\\\/simonegianini.ch\\\/wp-content\\\/uploads\\\/2024\\\/04\\\/cropped-Favicon-per-siti-3.png\",\"datePublished\":\"2024-04-08T09:29:50+00:00\",\"dateModified\":\"2024-04-17T19:26:40+00:00\",\"description\":\"Simone Gianini, avvocato e notaio, in Consiglio nazionale, un punto di congiunzione tra Berna e il Ticino, tra la politica comunale, cantonale e federale.\",\"breadcrumb\":{\"@id\":\"https:\\\/\\\/simonegianini.ch\\\/?page_id=487#breadcrumb\"},\"inLanguage\":\"it-IT\",\"potentialAction\":[{\"@type\":\"ReadAction\",\"target\":[\"https:\\\/\\\/simonegianini.ch\\\/?page_id=487\"]}]},{\"@type\":\"ImageObject\",\"inLanguage\":\"it-IT\",\"@id\":\"https:\\\/\\\/simonegianini.ch\\\/?page_id=487#primaryimage\",\"url\":\"https:\\\/\\\/simonegianini.ch\\\/wp-content\\\/uploads\\\/2024\\\/04\\\/cropped-Favicon-per-siti-3.png\",\"contentUrl\":\"https:\\\/\\\/simonegianini.ch\\\/wp-content\\\/uploads\\\/2024\\\/04\\\/cropped-Favicon-per-siti-3.png\",\"width\":512,\"height\":512},{\"@type\":\"BreadcrumbList\",\"@id\":\"https:\\\/\\\/simonegianini.ch\\\/?page_id=487#breadcrumb\",\"itemListElement\":[{\"@type\":\"ListItem\",\"position\":1,\"name\":\"Home\",\"item\":\"https:\\\/\\\/simonegianini.ch\\\/\"},{\"@type\":\"ListItem\",\"position\":2,\"name\":\"Politica\",\"item\":\"https:\\\/\\\/simonegianini.ch\\\/?page_id=23\"},{\"@type\":\"ListItem\",\"position\":3,\"name\":\"Elezioni\",\"item\":\"https:\\\/\\\/simonegianini.ch\\\/?page_id=450\"},{\"@type\":\"ListItem\",\"position\":4,\"name\":\"Federali 2015\"}]},{\"@type\":\"WebSite\",\"@id\":\"https:\\\/\\\/simonegianini.ch\\\/#website\",\"url\":\"https:\\\/\\\/simonegianini.ch\\\/\",\"name\":\"Simone Gianini\",\"description\":\"\",\"publisher\":{\"@id\":\"https:\\\/\\\/simonegianini.ch\\\/#organization\"},\"potentialAction\":[{\"@type\":\"SearchAction\",\"target\":{\"@type\":\"EntryPoint\",\"urlTemplate\":\"https:\\\/\\\/simonegianini.ch\\\/?s={search_term_string}\"},\"query-input\":{\"@type\":\"PropertyValueSpecification\",\"valueRequired\":true,\"valueName\":\"search_term_string\"}}],\"inLanguage\":\"it-IT\"},{\"@type\":\"Organization\",\"@id\":\"https:\\\/\\\/simonegianini.ch\\\/#organization\",\"name\":\"Simone Gianini\",\"url\":\"https:\\\/\\\/simonegianini.ch\\\/\",\"logo\":{\"@type\":\"ImageObject\",\"inLanguage\":\"it-IT\",\"@id\":\"https:\\\/\\\/simonegianini.ch\\\/#\\\/schema\\\/logo\\\/image\\\/\",\"url\":\"https:\\\/\\\/simonegianini.ch\\\/wp-content\\\/uploads\\\/2024\\\/03\\\/Screenshot-2024-04-13-alle-12.39.43-1.png\",\"contentUrl\":\"https:\\\/\\\/simonegianini.ch\\\/wp-content\\\/uploads\\\/2024\\\/03\\\/Screenshot-2024-04-13-alle-12.39.43-1.png\",\"width\":1754,\"height\":980,\"caption\":\"Simone Gianini\"},\"image\":{\"@id\":\"https:\\\/\\\/simonegianini.ch\\\/#\\\/schema\\\/logo\\\/image\\\/\"},\"sameAs\":[\"https:\\\/\\\/www.facebook.com\\\/simonegianini.ch\",\"https:\\\/\\\/instagram.com\\\/simonegianini\"]}]}<\/script>\n<!-- \/ Yoast SEO plugin. -->","yoast_head_json":{"title":"Federali 2015 - Simone Gianini","description":"Simone Gianini, avvocato e notaio, in Consiglio nazionale, un punto di congiunzione tra Berna e il Ticino, tra la politica comunale, cantonale e federale.","robots":{"index":"index","follow":"follow","max-snippet":"max-snippet:-1","max-image-preview":"max-image-preview:large","max-video-preview":"max-video-preview:-1"},"canonical":"https:\/\/simonegianini.ch\/?page_id=487","og_locale":"it_IT","og_type":"article","og_title":"Federali 2015 - Simone Gianini","og_description":"Simone Gianini, avvocato e notaio, in Consiglio nazionale, un punto di congiunzione tra Berna e il Ticino, tra la politica comunale, cantonale e federale.","og_url":"https:\/\/simonegianini.ch\/?page_id=487","og_site_name":"Simone Gianini","article_publisher":"https:\/\/www.facebook.com\/simonegianini.ch","article_modified_time":"2024-04-17T19:26:40+00:00","og_image":[{"width":512,"height":512,"url":"https:\/\/simonegianini.ch\/wp-content\/uploads\/2024\/04\/cropped-Favicon-per-siti-3.png","type":"image\/png"}],"twitter_card":"summary_large_image","twitter_misc":{"Tempo di lettura stimato":"7 minuti"},"schema":{"@context":"https:\/\/schema.org","@graph":[{"@type":"WebPage","@id":"https:\/\/simonegianini.ch\/?page_id=487","url":"https:\/\/simonegianini.ch\/?page_id=487","name":"Federali 2015 - Simone Gianini","isPartOf":{"@id":"https:\/\/simonegianini.ch\/#website"},"primaryImageOfPage":{"@id":"https:\/\/simonegianini.ch\/?page_id=487#primaryimage"},"image":{"@id":"https:\/\/simonegianini.ch\/?page_id=487#primaryimage"},"thumbnailUrl":"https:\/\/simonegianini.ch\/wp-content\/uploads\/2024\/04\/cropped-Favicon-per-siti-3.png","datePublished":"2024-04-08T09:29:50+00:00","dateModified":"2024-04-17T19:26:40+00:00","description":"Simone Gianini, avvocato e notaio, in Consiglio nazionale, un punto di congiunzione tra Berna e il Ticino, tra la politica comunale, cantonale e federale.","breadcrumb":{"@id":"https:\/\/simonegianini.ch\/?page_id=487#breadcrumb"},"inLanguage":"it-IT","potentialAction":[{"@type":"ReadAction","target":["https:\/\/simonegianini.ch\/?page_id=487"]}]},{"@type":"ImageObject","inLanguage":"it-IT","@id":"https:\/\/simonegianini.ch\/?page_id=487#primaryimage","url":"https:\/\/simonegianini.ch\/wp-content\/uploads\/2024\/04\/cropped-Favicon-per-siti-3.png","contentUrl":"https:\/\/simonegianini.ch\/wp-content\/uploads\/2024\/04\/cropped-Favicon-per-siti-3.png","width":512,"height":512},{"@type":"BreadcrumbList","@id":"https:\/\/simonegianini.ch\/?page_id=487#breadcrumb","itemListElement":[{"@type":"ListItem","position":1,"name":"Home","item":"https:\/\/simonegianini.ch\/"},{"@type":"ListItem","position":2,"name":"Politica","item":"https:\/\/simonegianini.ch\/?page_id=23"},{"@type":"ListItem","position":3,"name":"Elezioni","item":"https:\/\/simonegianini.ch\/?page_id=450"},{"@type":"ListItem","position":4,"name":"Federali 2015"}]},{"@type":"WebSite","@id":"https:\/\/simonegianini.ch\/#website","url":"https:\/\/simonegianini.ch\/","name":"Simone Gianini","description":"","publisher":{"@id":"https:\/\/simonegianini.ch\/#organization"},"potentialAction":[{"@type":"SearchAction","target":{"@type":"EntryPoint","urlTemplate":"https:\/\/simonegianini.ch\/?s={search_term_string}"},"query-input":{"@type":"PropertyValueSpecification","valueRequired":true,"valueName":"search_term_string"}}],"inLanguage":"it-IT"},{"@type":"Organization","@id":"https:\/\/simonegianini.ch\/#organization","name":"Simone Gianini","url":"https:\/\/simonegianini.ch\/","logo":{"@type":"ImageObject","inLanguage":"it-IT","@id":"https:\/\/simonegianini.ch\/#\/schema\/logo\/image\/","url":"https:\/\/simonegianini.ch\/wp-content\/uploads\/2024\/03\/Screenshot-2024-04-13-alle-12.39.43-1.png","contentUrl":"https:\/\/simonegianini.ch\/wp-content\/uploads\/2024\/03\/Screenshot-2024-04-13-alle-12.39.43-1.png","width":1754,"height":980,"caption":"Simone Gianini"},"image":{"@id":"https:\/\/simonegianini.ch\/#\/schema\/logo\/image\/"},"sameAs":["https:\/\/www.facebook.com\/simonegianini.ch","https:\/\/instagram.com\/simonegianini"]}]}},"_links":{"self":[{"href":"https:\/\/simonegianini.ch\/index.php?rest_route=\/wp\/v2\/pages\/487","targetHints":{"allow":["GET"]}}],"collection":[{"href":"https:\/\/simonegianini.ch\/index.php?rest_route=\/wp\/v2\/pages"}],"about":[{"href":"https:\/\/simonegianini.ch\/index.php?rest_route=\/wp\/v2\/types\/page"}],"author":[{"embeddable":true,"href":"https:\/\/simonegianini.ch\/index.php?rest_route=\/wp\/v2\/users\/1"}],"replies":[{"embeddable":true,"href":"https:\/\/simonegianini.ch\/index.php?rest_route=%2Fwp%2Fv2%2Fcomments&post=487"}],"version-history":[{"count":10,"href":"https:\/\/simonegianini.ch\/index.php?rest_route=\/wp\/v2\/pages\/487\/revisions"}],"predecessor-version":[{"id":822,"href":"https:\/\/simonegianini.ch\/index.php?rest_route=\/wp\/v2\/pages\/487\/revisions\/822"}],"up":[{"embeddable":true,"href":"https:\/\/simonegianini.ch\/index.php?rest_route=\/wp\/v2\/pages\/450"}],"wp:featuredmedia":[{"embeddable":true,"href":"https:\/\/simonegianini.ch\/index.php?rest_route=\/wp\/v2\/media\/1109"}],"wp:attachment":[{"href":"https:\/\/simonegianini.ch\/index.php?rest_route=%2Fwp%2Fv2%2Fmedia&parent=487"}],"curies":[{"name":"wp","href":"https:\/\/api.w.org\/{rel}","templated":true}]}}